
{"id":16,"date":"2026-03-06T14:06:13","date_gmt":"2026-03-06T14:06:13","guid":{"rendered":"https:\/\/destacado.com.mx\/index.php\/flippage\/"},"modified":"2026-03-06T15:20:21","modified_gmt":"2026-03-06T15:20:21","slug":"home","status":"publish","type":"page","link":"https:\/\/destacado.com.mx\/","title":{"rendered":"Home"},"content":{"rendered":"\t\t<div data-elementor-type=\"wp-page\" data-elementor-id=\"16\" class=\"elementor elementor-16\" data-elementor-post-type=\"page\">\n\t\t\t\t<div class=\"elementor-element elementor-element-56227b45 e-flex e-con-boxed e-con e-parent\" data-id=\"56227b45\" data-element_type=\"container\" data-e-type=\"container\" data-settings=\"{&quot;background_background&quot;:&quot;classic&quot;}\">\n\t\t\t\t\t<div class=\"e-con-inner\">\n\t\t\t\t<div class=\"elementor-element elementor-element-14fe6841 elementor-widget elementor-widget-upk-news-ticker\" data-id=\"14fe6841\" data-element_type=\"widget\" data-e-type=\"widget\" data-widget_type=\"upk-news-ticker.default\">\n\t\t\t\t\t\t\t<div id=\"newsTicker1\" class=\"upk-news-ticker\" data-settings=\"{&quot;effect&quot;:&quot;slide-left&quot;,&quot;autoPlay&quot;:true,&quot;interval&quot;:5000,&quot;pauseOnHover&quot;:true,&quot;scrollSpeed&quot;:1}\">\n\t\t\t\t\t    \t<div class=\"upk-news-ticker-label\">\n\t\t\t\t\t<div class=\"upk-news-ticker-label-inner\">\n\t\t\t\t\t\tEn tendencia\t    \t\t\t<\/div>\n\t    \t\t<\/div>\n\t\t    \t\t    <div class=\"upk-news-ticker-content\">\n\t\t        <ul>\n\t\t\t\t<li class=\"upk-news-ticker-item\">\n\t\t\t\n\n\t\t\t\t\t\t\t\t\t\n\t\t<a href=\"https:\/\/destacado.com.mx\/index.php\/2026\/04\/30\/enrique-galindo-minimiza-crisis-de-agua-mientras-crece-el-enojo-ciudadano\/\">\n\t\t\t\n\t\t<span class=\"upk-news-ticker-date bdt-margin-small-right\" title=\"Published on: abril 30, 2026\">\n\t\t\t\t\t\t\t<span class=\"upk-news-ticker-date-month\">04<\/span>\n\t\t\t\t<span class=\"upk-news-ticker-date-sep\">\/<\/span>\n\t\t\t\t<span class=\"upk-news-ticker-date-day\">30<\/span>\n\t\t\t\t\t\t<span>:<\/span>\n\t\t<\/span>\n\n\t\t\n\t\t\t\n\t\t<span class=\"upk-news-ticker-time bdt-margin-small-right\" title=\"Published on: abril 30, 2026 2:56 am\">\n\t\t\t<span class=\"bdt-text-uppercase\">2:56 am<\/span>\n\t\t\t<span>:<\/span>\n\t\t<\/span>\n\n\t\t\n\t\t\tEnrique Galindo minimiza crisis de agua mientras crece el enojo ciudadano\t\t<\/a>\n\t\t\t\t\t\t\n\t\t\t\t\n\t\t\t\n\t\t<\/li>\n\t\t\t\t<li class=\"upk-news-ticker-item\">\n\t\t\t\n\n\t\t\t\t\t\t\t\t\t\n\t\t<a href=\"https:\/\/destacado.com.mx\/index.php\/2026\/04\/30\/ricardo-gallardo-lleva-infraestructura-de-calidad-a-matehuala-con-nueva-etapa-vial\/\">\n\t\t\t\n\t\t<span class=\"upk-news-ticker-date bdt-margin-small-right\" title=\"Published on: abril 30, 2026\">\n\t\t\t\t\t\t\t<span class=\"upk-news-ticker-date-month\">04<\/span>\n\t\t\t\t<span class=\"upk-news-ticker-date-sep\">\/<\/span>\n\t\t\t\t<span class=\"upk-news-ticker-date-day\">30<\/span>\n\t\t\t\t\t\t<span>:<\/span>\n\t\t<\/span>\n\n\t\t\n\t\t\t\n\t\t<span class=\"upk-news-ticker-time bdt-margin-small-right\" title=\"Published on: abril 30, 2026 2:54 am\">\n\t\t\t<span class=\"bdt-text-uppercase\">2:54 am<\/span>\n\t\t\t<span>:<\/span>\n\t\t<\/span>\n\n\t\t\n\t\t\tRicardo Gallardo lleva infraestructura de calidad a Matehuala con nueva etapa vial\t\t<\/a>\n\t\t\t\t\t\t\n\t\t\t\t\n\t\t\t\n\t\t<\/li>\n\t\t\t\t<li class=\"upk-news-ticker-item\">\n\t\t\t\n\n\t\t\t\t\t\t\t\t\t\n\t\t<a href=\"https:\/\/destacado.com.mx\/index.php\/2026\/04\/30\/ruth-gonzalez-destaca-importancia-de-la-musica-en-formacion-de-ninas-y-jovenes\/\">\n\t\t\t\n\t\t<span class=\"upk-news-ticker-date bdt-margin-small-right\" title=\"Published on: abril 30, 2026\">\n\t\t\t\t\t\t\t<span class=\"upk-news-ticker-date-month\">04<\/span>\n\t\t\t\t<span class=\"upk-news-ticker-date-sep\">\/<\/span>\n\t\t\t\t<span class=\"upk-news-ticker-date-day\">30<\/span>\n\t\t\t\t\t\t<span>:<\/span>\n\t\t<\/span>\n\n\t\t\n\t\t\t\n\t\t<span class=\"upk-news-ticker-time bdt-margin-small-right\" title=\"Published on: abril 30, 2026 2:53 am\">\n\t\t\t<span class=\"bdt-text-uppercase\">2:53 am<\/span>\n\t\t\t<span>:<\/span>\n\t\t<\/span>\n\n\t\t\n\t\t\tRuth Gonz\u00e1lez destaca importancia de la m\u00fasica en formaci\u00f3n de ni\u00f1as y j\u00f3venes\t\t<\/a>\n\t\t\t\t\t\t\n\t\t\t\t\n\t\t\t\n\t\t<\/li>\n\t\t\t\t<li class=\"upk-news-ticker-item\">\n\t\t\t\n\n\t\t\t\t\t\t\t\t\t\n\t\t<a href=\"https:\/\/destacado.com.mx\/index.php\/2026\/04\/28\/enrique-galindo-bajo-presion-por-inconformidad-social-y-falta-de-servicios-basicos\/\">\n\t\t\t\n\t\t<span class=\"upk-news-ticker-date bdt-margin-small-right\" title=\"Published on: abril 28, 2026\">\n\t\t\t\t\t\t\t<span class=\"upk-news-ticker-date-month\">04<\/span>\n\t\t\t\t<span class=\"upk-news-ticker-date-sep\">\/<\/span>\n\t\t\t\t<span class=\"upk-news-ticker-date-day\">28<\/span>\n\t\t\t\t\t\t<span>:<\/span>\n\t\t<\/span>\n\n\t\t\n\t\t\t\n\t\t<span class=\"upk-news-ticker-time bdt-margin-small-right\" title=\"Published on: abril 28, 2026 7:08 am\">\n\t\t\t<span class=\"bdt-text-uppercase\">7:08 am<\/span>\n\t\t\t<span>:<\/span>\n\t\t<\/span>\n\n\t\t\n\t\t\tEnrique Galindo bajo presi\u00f3n por inconformidad social y falta de servicios b\u00e1sicos\t\t<\/a>\n\t\t\t\t\t\t\n\t\t\t\t\n\t\t\t\n\t\t<\/li>\n\t\t\t\t<li class=\"upk-news-ticker-item\">\n\t\t\t\n\n\t\t\t\t\t\t\t\t\t\n\t\t<a href=\"https:\/\/destacado.com.mx\/index.php\/2026\/04\/28\/ricardo-gallardo-lleva-obras-y-servicios-a-infonavit-morales-para-mejorar-calidad-de-vida\/\">\n\t\t\t\n\t\t<span class=\"upk-news-ticker-date bdt-margin-small-right\" title=\"Published on: abril 28, 2026\">\n\t\t\t\t\t\t\t<span class=\"upk-news-ticker-date-month\">04<\/span>\n\t\t\t\t<span class=\"upk-news-ticker-date-sep\">\/<\/span>\n\t\t\t\t<span class=\"upk-news-ticker-date-day\">28<\/span>\n\t\t\t\t\t\t<span>:<\/span>\n\t\t<\/span>\n\n\t\t\n\t\t\t\n\t\t<span class=\"upk-news-ticker-time bdt-margin-small-right\" title=\"Published on: abril 28, 2026 7:07 am\">\n\t\t\t<span class=\"bdt-text-uppercase\">7:07 am<\/span>\n\t\t\t<span>:<\/span>\n\t\t<\/span>\n\n\t\t\n\t\t\tRicardo Gallardo lleva obras y servicios a Infonavit-Morales para mejorar calidad de vida\t\t<\/a>\n\t\t\t\t\t\t\n\t\t\t\t\n\t\t\t\n\t\t<\/li>\n\t\t\n\n\t\t        <\/ul>\n\t\t    <\/div>\n\t\t    \t\t    <div class=\"upk-news-ticker-controls upk-news-ticker-navigation\">\n\n\t\t        <button class=\"bdt-visible@m\">\n\t\t        \t<span class=\"upk-news-ticker-arrow upk-news-ticker-prev bdt-icon\">\n\t\t        \t\t<svg width=\"20\" height=\"20\" viewBox=\"0 0 20 20\" xmlns=\"http:\/\/www.w3.org\/2000\/svg\" data-svg=\"chevron-left\">\n\t\t        \t\t\t<polyline fill=\"none\" stroke=\"#000\" stroke-width=\"1.03\" points=\"13 16 7 10 13 4\"><\/polyline>\n\t\t        \t\t<\/svg>\n\t\t        \t<\/span>\n\t\t        <\/button>\n\n\t\t        \t\t        \n\t\t        <button>\n\t\t        \t<span class=\"upk-news-ticker-arrow upk-news-ticker-next bdt-icon\">\n\t\t        \t\t<svg width=\"20\" height=\"20\" viewBox=\"0 0 20 20\" xmlns=\"http:\/\/www.w3.org\/2000\/svg\" data-svg=\"chevron-right\">\n\t\t        \t\t\t<polyline fill=\"none\" stroke=\"#000\" stroke-width=\"1.03\" points=\"7 4 13 10 7 16\"><\/polyline>\n\t\t        \t\t<\/svg>\n\t\t        \t<\/span>\n\t\t        <\/button>\n\n\t\t    <\/div>\n\n\t\t\t\t\t<\/div>\n\t\t\n\t\t\t\t\t\t<\/div>\n\t\t\t\t<div class=\"elementor-element elementor-element-fb830b9 elementor-widget elementor-widget-nekit-main-banner-two\" data-id=\"fb830b9\" data-element_type=\"widget\" data-e-type=\"widget\" data-settings=\"{&quot;slider_post_elements_align&quot;:&quot;left&quot;}\" data-widget_type=\"nekit-main-banner-two.default\">\n\t\t\t\t<div class=\"elementor-widget-container\">\n\t\t\t\t\t\t\t<section class=\"nekit-widget-section nekit-banner-wrap main-banner-section banner-layout--two section-column-order--main-banner-wrap--main-banner-tabs arrow-on-hover--on\">\n            <div class=\"news-elementor-container\">\n                <div class=\"row\">\n\t\t\t\t\t\t\t\t\t\t\t\t\t\t<div class=\"main-banner-wrap\">\n\t\t\t\t\t\t\t\t\t\t<div class=\"main-banner-slider\" data-auto=\"false\" data-arrows=\"true\" data-dots=\"true\" data-loop=\"true\" data-speed=\"300\" data-prev-icon=\"fas fa-chevron-left\" data-next-icon=\"fas fa-chevron-right\" data-fade=\"true\">\n\t\t\t\t\t\t\t\t\t\t\t\t\t\t\t\t\t\t\t\t\t\t\t\t\t\t<article class=\"post-item slide-item news-elementor-category-no-bk \">\n\t\t\t\t\t\t\t\t\t\t\t\t\t\t\t\t<div class=\"post_slider_template_two\">\n\t\t\t\t\t\t\t\t\t\t\t\t\t\t\t\t\t<figure class=\"post-thumb-wrap\">\n\t\t\t\t\t\t\t\t\t\t\t\t\t\t\t\t\t\t<a href=\"https:\/\/destacado.com.mx\/index.php\/2026\/04\/30\/enrique-galindo-minimiza-crisis-de-agua-mientras-crece-el-enojo-ciudadano\/\" title=\"Enrique Galindo minimiza crisis de agua mientras crece el enojo ciudadano\">\n\t\t\t\t\t\t\t\t\t\t\t\t\t\t\t\t\t\t\t<div class=\"post-thumb-parent\">\n\t\t\t\t\t\t\t\t\t\t\t\t\t\t\t\t\t\t\t\t<img fetchpriority=\"high\" decoding=\"async\" width=\"696\" height=\"450\" src=\"https:\/\/destacado.com.mx\/wp-content\/uploads\/2026\/05\/Galindo-3.webp\" class=\" wp-post-image\" alt=\"\" title=\"Enrique Galindo minimiza crisis de agua mientras crece el enojo ciudadano\" srcset=\"https:\/\/destacado.com.mx\/wp-content\/uploads\/2026\/05\/Galindo-3.webp 696w, https:\/\/destacado.com.mx\/wp-content\/uploads\/2026\/05\/Galindo-3-300x194.webp 300w\" sizes=\"(max-width: 696px) 100vw, 696px\" \/>\t\t\t\t\t\t\t\t\t\t\t\t\t\t\t\t\t\t\t<\/div>\n\t\t\t\t\t\t\t\t\t\t\t\t\t\t\t\t\t\t<\/a>\n\t\t\t\t\t\t\t\t\t\t\t\t\t\t\t\t\t<\/figure>\n\t\t\t\t\t\t\t\t\t\t\t\t\t\t\t\t\t<div class=\"post-element\">\n\t\t\t\t\t\t\t\t\t\t\t\t\t\t\t\t\t\t\t\t\t\t\t\t\t\t\t\t\t\t\t\t\t\t\t\t\t\t\t\t<div class=\"post-meta\">\n\t\t\t\t\t\t\t\t\t\t\t\t\t\t\t\t\t\t\t\t\t\t\t<ul class=\"post-categories\"><li class=\"cat-item cat-13\"><a href=\"https:\/\/destacado.com.mx\/index.php\/category\/politica\/\" rel=\"category tag\">Pol\u00edtica<\/a><\/li><\/ul><span class=\"date-meta-wrap post-meta-item\"><a href=\"https:\/\/destacado.com.mx\/index.php\/2026\/04\/30\/enrique-galindo-minimiza-crisis-de-agua-mientras-crece-el-enojo-ciudadano\/\" target=\"_self\"><span class=\"published-date-context post-published-date-prefix\"><i class=\"fas fa-calendar\"><\/i><\/span><span class=\"post-published-date\">abril 30, 2026<\/span><\/a><\/span>\t\t\t\t\t\t\t\t\t\t\t\t\t\t\t\t\t\t\t\t\t\t<\/div>\n\t\t\t\t\t\t\t\t\t\t\t\t\t\t\t\t\t\t\t\t\t\t\t\t\t\t\t\t\t\t\t\t\t\t\t\t\t\t\t\t\t\t\t\t\t\t<h2 class=\"post-title custom-animation--none\"><a href=\"https:\/\/destacado.com.mx\/index.php\/2026\/04\/30\/enrique-galindo-minimiza-crisis-de-agua-mientras-crece-el-enojo-ciudadano\/\" title=\"Enrique Galindo minimiza crisis de agua mientras crece el enojo ciudadano\">Enrique Galindo minimiza crisis de agua mientras crece el enojo ciudadano<\/a><\/h2>\n\t\t\t\t\t\t\t\t\t\t\t\t\t\t\t\t\t\t\t\t\t\t\t\t\t\t\t\t\t\t\t\t\t\t\t\t\t\t\t\t\t<\/div>\n\t\t\t\t\t\t\t\t\t\t\t\t\t\t\t\t<\/div>\n\t\t\t\t\t\t\t\t\t\t\t\t\t\t\t<\/article>\n\t\t\t\t\t\t\t\t\t\t\t\t\t\t\t\t\t\t\t\t\t\t\t\t\t\t\t\t\t<article class=\"post-item slide-item news-elementor-category-no-bk \">\n\t\t\t\t\t\t\t\t\t\t\t\t\t\t\t\t<div class=\"post_slider_template_two\">\n\t\t\t\t\t\t\t\t\t\t\t\t\t\t\t\t\t<figure class=\"post-thumb-wrap\">\n\t\t\t\t\t\t\t\t\t\t\t\t\t\t\t\t\t\t<a href=\"https:\/\/destacado.com.mx\/index.php\/2026\/04\/30\/ricardo-gallardo-lleva-infraestructura-de-calidad-a-matehuala-con-nueva-etapa-vial\/\" title=\"Ricardo Gallardo lleva infraestructura de calidad a Matehuala con nueva etapa vial\">\n\t\t\t\t\t\t\t\t\t\t\t\t\t\t\t\t\t\t\t<div class=\"post-thumb-parent\">\n\t\t\t\t\t\t\t\t\t\t\t\t\t\t\t\t\t\t\t\t<img decoding=\"async\" width=\"1024\" height=\"576\" src=\"https:\/\/destacado.com.mx\/wp-content\/uploads\/2026\/05\/Ricardo-1-1024x576.jpg\" class=\" wp-post-image\" alt=\"\" title=\"Ricardo Gallardo lleva infraestructura de calidad a Matehuala con nueva etapa vial\" srcset=\"https:\/\/destacado.com.mx\/wp-content\/uploads\/2026\/05\/Ricardo-1-1024x576.jpg 1024w, https:\/\/destacado.com.mx\/wp-content\/uploads\/2026\/05\/Ricardo-1-300x169.jpg 300w, https:\/\/destacado.com.mx\/wp-content\/uploads\/2026\/05\/Ricardo-1-768x432.jpg 768w, https:\/\/destacado.com.mx\/wp-content\/uploads\/2026\/05\/Ricardo-1-1536x864.jpg 1536w, https:\/\/destacado.com.mx\/wp-content\/uploads\/2026\/05\/Ricardo-1.jpg 2048w\" sizes=\"(max-width: 1024px) 100vw, 1024px\" \/>\t\t\t\t\t\t\t\t\t\t\t\t\t\t\t\t\t\t\t<\/div>\n\t\t\t\t\t\t\t\t\t\t\t\t\t\t\t\t\t\t<\/a>\n\t\t\t\t\t\t\t\t\t\t\t\t\t\t\t\t\t<\/figure>\n\t\t\t\t\t\t\t\t\t\t\t\t\t\t\t\t\t<div class=\"post-element\">\n\t\t\t\t\t\t\t\t\t\t\t\t\t\t\t\t\t\t\t\t\t\t\t\t\t\t\t\t\t\t\t\t\t\t\t\t\t\t\t\t<div class=\"post-meta\">\n\t\t\t\t\t\t\t\t\t\t\t\t\t\t\t\t\t\t\t\t\t\t\t<ul class=\"post-categories\"><li class=\"cat-item cat-13\"><a href=\"https:\/\/destacado.com.mx\/index.php\/category\/politica\/\" rel=\"category tag\">Pol\u00edtica<\/a><\/li><\/ul><span class=\"date-meta-wrap post-meta-item\"><a href=\"https:\/\/destacado.com.mx\/index.php\/2026\/04\/30\/ricardo-gallardo-lleva-infraestructura-de-calidad-a-matehuala-con-nueva-etapa-vial\/\" target=\"_self\"><span class=\"published-date-context post-published-date-prefix\"><i class=\"fas fa-calendar\"><\/i><\/span><span class=\"post-published-date\">abril 30, 2026<\/span><\/a><\/span>\t\t\t\t\t\t\t\t\t\t\t\t\t\t\t\t\t\t\t\t\t\t<\/div>\n\t\t\t\t\t\t\t\t\t\t\t\t\t\t\t\t\t\t\t\t\t\t\t\t\t\t\t\t\t\t\t\t\t\t\t\t\t\t\t\t\t\t\t\t\t\t<h2 class=\"post-title custom-animation--none\"><a href=\"https:\/\/destacado.com.mx\/index.php\/2026\/04\/30\/ricardo-gallardo-lleva-infraestructura-de-calidad-a-matehuala-con-nueva-etapa-vial\/\" title=\"Ricardo Gallardo lleva infraestructura de calidad a Matehuala con nueva etapa vial\">Ricardo Gallardo lleva infraestructura de calidad a Matehuala con nueva etapa vial<\/a><\/h2>\n\t\t\t\t\t\t\t\t\t\t\t\t\t\t\t\t\t\t\t\t\t\t\t\t\t\t\t\t\t\t\t\t\t\t\t\t\t\t\t\t\t<\/div>\n\t\t\t\t\t\t\t\t\t\t\t\t\t\t\t\t<\/div>\n\t\t\t\t\t\t\t\t\t\t\t\t\t\t\t<\/article>\n\t\t\t\t\t\t\t\t\t\t\t\t\t\t\t\t\t\t\t\t\t\t\t\t\t\t\t\t\t<article class=\"post-item slide-item news-elementor-category-no-bk \">\n\t\t\t\t\t\t\t\t\t\t\t\t\t\t\t\t<div class=\"post_slider_template_two\">\n\t\t\t\t\t\t\t\t\t\t\t\t\t\t\t\t\t<figure class=\"post-thumb-wrap\">\n\t\t\t\t\t\t\t\t\t\t\t\t\t\t\t\t\t\t<a href=\"https:\/\/destacado.com.mx\/index.php\/2026\/04\/30\/ruth-gonzalez-destaca-importancia-de-la-musica-en-formacion-de-ninas-y-jovenes\/\" title=\"Ruth Gonz\u00e1lez destaca importancia de la m\u00fasica en formaci\u00f3n de ni\u00f1as y j\u00f3venes\">\n\t\t\t\t\t\t\t\t\t\t\t\t\t\t\t\t\t\t\t<div class=\"post-thumb-parent\">\n\t\t\t\t\t\t\t\t\t\t\t\t\t\t\t\t\t\t\t\t<img decoding=\"async\" width=\"1024\" height=\"684\" src=\"https:\/\/destacado.com.mx\/wp-content\/uploads\/2026\/05\/Ruth-3-1024x684.jpg\" class=\" wp-post-image\" alt=\"\" title=\"Ruth Gonz\u00e1lez destaca importancia de la m\u00fasica en formaci\u00f3n de ni\u00f1as y j\u00f3venes\" srcset=\"https:\/\/destacado.com.mx\/wp-content\/uploads\/2026\/05\/Ruth-3-1024x684.jpg 1024w, https:\/\/destacado.com.mx\/wp-content\/uploads\/2026\/05\/Ruth-3-300x200.jpg 300w, https:\/\/destacado.com.mx\/wp-content\/uploads\/2026\/05\/Ruth-3-768x513.jpg 768w, https:\/\/destacado.com.mx\/wp-content\/uploads\/2026\/05\/Ruth-3-1536x1026.jpg 1536w, https:\/\/destacado.com.mx\/wp-content\/uploads\/2026\/05\/Ruth-3.jpg 2048w\" sizes=\"(max-width: 1024px) 100vw, 1024px\" \/>\t\t\t\t\t\t\t\t\t\t\t\t\t\t\t\t\t\t\t<\/div>\n\t\t\t\t\t\t\t\t\t\t\t\t\t\t\t\t\t\t<\/a>\n\t\t\t\t\t\t\t\t\t\t\t\t\t\t\t\t\t<\/figure>\n\t\t\t\t\t\t\t\t\t\t\t\t\t\t\t\t\t<div class=\"post-element\">\n\t\t\t\t\t\t\t\t\t\t\t\t\t\t\t\t\t\t\t\t\t\t\t\t\t\t\t\t\t\t\t\t\t\t\t\t\t\t\t\t<div class=\"post-meta\">\n\t\t\t\t\t\t\t\t\t\t\t\t\t\t\t\t\t\t\t\t\t\t\t<ul class=\"post-categories\"><li class=\"cat-item cat-13\"><a href=\"https:\/\/destacado.com.mx\/index.php\/category\/politica\/\" rel=\"category tag\">Pol\u00edtica<\/a><\/li><\/ul><span class=\"date-meta-wrap post-meta-item\"><a href=\"https:\/\/destacado.com.mx\/index.php\/2026\/04\/30\/ruth-gonzalez-destaca-importancia-de-la-musica-en-formacion-de-ninas-y-jovenes\/\" target=\"_self\"><span class=\"published-date-context post-published-date-prefix\"><i class=\"fas fa-calendar\"><\/i><\/span><span class=\"post-published-date\">abril 30, 2026<\/span><\/a><\/span>\t\t\t\t\t\t\t\t\t\t\t\t\t\t\t\t\t\t\t\t\t\t<\/div>\n\t\t\t\t\t\t\t\t\t\t\t\t\t\t\t\t\t\t\t\t\t\t\t\t\t\t\t\t\t\t\t\t\t\t\t\t\t\t\t\t\t\t\t\t\t\t<h2 class=\"post-title custom-animation--none\"><a href=\"https:\/\/destacado.com.mx\/index.php\/2026\/04\/30\/ruth-gonzalez-destaca-importancia-de-la-musica-en-formacion-de-ninas-y-jovenes\/\" title=\"Ruth Gonz\u00e1lez destaca importancia de la m\u00fasica en formaci\u00f3n de ni\u00f1as y j\u00f3venes\">Ruth Gonz\u00e1lez destaca importancia de la m\u00fasica en formaci\u00f3n de ni\u00f1as y j\u00f3venes<\/a><\/h2>\n\t\t\t\t\t\t\t\t\t\t\t\t\t\t\t\t\t\t\t\t\t\t\t\t\t\t\t\t\t\t\t\t\t\t\t\t\t\t\t\t\t<\/div>\n\t\t\t\t\t\t\t\t\t\t\t\t\t\t\t\t<\/div>\n\t\t\t\t\t\t\t\t\t\t\t\t\t\t\t<\/article>\n\t\t\t\t\t\t\t\t\t\t\t\t\t\t\t\t\t\t\t\t\t\t\t\t\t\t\t\t\t<article class=\"post-item slide-item news-elementor-category-no-bk \">\n\t\t\t\t\t\t\t\t\t\t\t\t\t\t\t\t<div class=\"post_slider_template_two\">\n\t\t\t\t\t\t\t\t\t\t\t\t\t\t\t\t\t<figure class=\"post-thumb-wrap\">\n\t\t\t\t\t\t\t\t\t\t\t\t\t\t\t\t\t\t<a href=\"https:\/\/destacado.com.mx\/index.php\/2026\/04\/28\/enrique-galindo-bajo-presion-por-inconformidad-social-y-falta-de-servicios-basicos\/\" title=\"Enrique Galindo bajo presi\u00f3n por inconformidad social y falta de servicios b\u00e1sicos\">\n\t\t\t\t\t\t\t\t\t\t\t\t\t\t\t\t\t\t\t<div class=\"post-thumb-parent\">\n\t\t\t\t\t\t\t\t\t\t\t\t\t\t\t\t\t\t\t\t<img loading=\"lazy\" decoding=\"async\" width=\"1024\" height=\"768\" src=\"https:\/\/destacado.com.mx\/wp-content\/uploads\/2026\/04\/Galindo-3-1-1024x768.png\" class=\" wp-post-image\" alt=\"\" title=\"Enrique Galindo bajo presi\u00f3n por inconformidad social y falta de servicios b\u00e1sicos\" srcset=\"https:\/\/destacado.com.mx\/wp-content\/uploads\/2026\/04\/Galindo-3-1-1024x768.png 1024w, https:\/\/destacado.com.mx\/wp-content\/uploads\/2026\/04\/Galindo-3-1-300x225.png 300w, https:\/\/destacado.com.mx\/wp-content\/uploads\/2026\/04\/Galindo-3-1-768x576.png 768w, https:\/\/destacado.com.mx\/wp-content\/uploads\/2026\/04\/Galindo-3-1.png 1448w\" sizes=\"(max-width: 1024px) 100vw, 1024px\" \/>\t\t\t\t\t\t\t\t\t\t\t\t\t\t\t\t\t\t\t<\/div>\n\t\t\t\t\t\t\t\t\t\t\t\t\t\t\t\t\t\t<\/a>\n\t\t\t\t\t\t\t\t\t\t\t\t\t\t\t\t\t<\/figure>\n\t\t\t\t\t\t\t\t\t\t\t\t\t\t\t\t\t<div class=\"post-element\">\n\t\t\t\t\t\t\t\t\t\t\t\t\t\t\t\t\t\t\t\t\t\t\t\t\t\t\t\t\t\t\t\t\t\t\t\t\t\t\t\t<div class=\"post-meta\">\n\t\t\t\t\t\t\t\t\t\t\t\t\t\t\t\t\t\t\t\t\t\t\t<ul class=\"post-categories\"><li class=\"cat-item cat-13\"><a href=\"https:\/\/destacado.com.mx\/index.php\/category\/politica\/\" rel=\"category tag\">Pol\u00edtica<\/a><\/li><\/ul><span class=\"date-meta-wrap post-meta-item\"><a href=\"https:\/\/destacado.com.mx\/index.php\/2026\/04\/28\/enrique-galindo-bajo-presion-por-inconformidad-social-y-falta-de-servicios-basicos\/\" target=\"_self\"><span class=\"published-date-context post-published-date-prefix\"><i class=\"fas fa-calendar\"><\/i><\/span><span class=\"post-published-date\">abril 28, 2026<\/span><\/a><\/span>\t\t\t\t\t\t\t\t\t\t\t\t\t\t\t\t\t\t\t\t\t\t<\/div>\n\t\t\t\t\t\t\t\t\t\t\t\t\t\t\t\t\t\t\t\t\t\t\t\t\t\t\t\t\t\t\t\t\t\t\t\t\t\t\t\t\t\t\t\t\t\t<h2 class=\"post-title custom-animation--none\"><a href=\"https:\/\/destacado.com.mx\/index.php\/2026\/04\/28\/enrique-galindo-bajo-presion-por-inconformidad-social-y-falta-de-servicios-basicos\/\" title=\"Enrique Galindo bajo presi\u00f3n por inconformidad social y falta de servicios b\u00e1sicos\">Enrique Galindo bajo presi\u00f3n por inconformidad social y falta de servicios b\u00e1sicos<\/a><\/h2>\n\t\t\t\t\t\t\t\t\t\t\t\t\t\t\t\t\t\t\t\t\t\t\t\t\t\t\t\t\t\t\t\t\t\t\t\t\t\t\t\t\t<\/div>\n\t\t\t\t\t\t\t\t\t\t\t\t\t\t\t\t<\/div>\n\t\t\t\t\t\t\t\t\t\t\t\t\t\t\t<\/article>\n\t\t\t\t\t\t\t\t\t\t\t\t\t\t\t\t\t\t\t\t\t\t\t\t<\/div>\n\t\t\t\t\t\t\t\t\t<\/div>\n\t\t\t\t\t\t\t\t\t\t\t\t\t\t\t\t\t\t\t\t\t\t\t\t\t\t<div class=\"main-banner-popular-posts nekit_vertical_slider\">\n\t\t\t\t\t\t\t\t\t\t<h2 class=\"section-title\">Entradas populares<\/h2>\n\t\t\t\t\t\t\t\t\t\t<div class=\"popular-posts-wrap\" data-auto=\"true\" data-arrows=\"true\" data-loop=\"true\" data-speed=\"300\" data-prev-icon=\"fas fa-chevron-left\" data-next-icon=\"fas fa-chevron-right\" data-vertical=\"true\">\n\t\t\t\t\t\t\t\t\t\t\t\t\t\t\t\t\t\t\t\t\t\t\t\t\t\t<article class=\"post-item news-elementor-category-no-bk \">\n\t\t\t\t\t\t\t\t\t\t\t\t\t\t\t\t\t\t\t\t\t\t\t\t\t\t\t\t\t\t\t\t\t<figure class=\"post-thumb\">\n\t\t\t\t\t\t\t\t\t\t\t\t\t\t\t\t\t\t\t\t\t\t\t\t\t\t\t\t\t\t\t\t\t\t\t\t\t<span class=\"post-count\">1<\/span>\n\t\t\t\t\t\t\t\t\t\t\t\t\t\t\t\t\t\t\t\t\t\t\t\t\t\t\t\t\t\t\t\t\t\t\t\t \n\t\t\t\t\t\t\t\t\t\t\t\t\t\t\t\t\t\t\t<a href=\"https:\/\/destacado.com.mx\/index.php\/2026\/04\/30\/enrique-galindo-minimiza-crisis-de-agua-mientras-crece-el-enojo-ciudadano\/\">\n\t\t\t\t\t\t\t\t\t\t\t\t\t\t\t\t\t\t\t\t<div class=\"post-thumb-parent\">\n\t\t\t\t\t\t\t\t\t\t\t\t\t\t\t\t\t\t\t\t\t<img decoding=\"async\" class=\"\" src=\"https:\/\/destacado.com.mx\/wp-content\/uploads\/2026\/05\/Galindo-3.webp\"\/>\n\t\t\t\t\t\t\t\t\t\t\t\t\t\t\t\t\t\t\t\t<\/div>\n\t\t\t\t\t\t\t\t\t\t\t\t\t\t\t\t\t\t\t<\/a>\n\t\t\t\t\t\t\t\t\t\t\t\t\t\t\t\t\t\t\t\t\t\t\t\t\t\t\t\t\t\t\t\t\t\t\t<\/figure>\n\t\t\t\t\t\t\t\t\t\t\t\t\t\t\t\t\t\t\t\t\t\t\t\t\t\t\t\t\t\t\t\t<div class=\"post-element\">\n\t\t\t\t\t\t\t\t\t\t\t\t\t\t\t\t\t\t\t\t\t\t\t\t\t\t\t\t\t\t\t\t\t\t\t<h2 class=\"post-title custom-animation--none\"><a href=\"https:\/\/destacado.com.mx\/index.php\/2026\/04\/30\/enrique-galindo-minimiza-crisis-de-agua-mientras-crece-el-enojo-ciudadano\/\">Enrique Galindo minimiza crisis de agua mientras crece el enojo ciudadano<\/a><\/h2>\n\t\t\t\t\t\t\t\t\t\t\t\t\t\t\t\t\t\t\t\t\t\t\t\t\t\t\t\t\t\t\t\t\t\t<div class=\"post-meta\">\n\t\t\t\t\t\t\t\t\t\t\t\t\t\t\t\t\t\t<ul class=\"post-categories\"><li class=\"cat-item cat-13\"><a href=\"https:\/\/destacado.com.mx\/index.php\/category\/politica\/\" rel=\"category tag\">Pol\u00edtica<\/a><\/li><\/ul>\t\t\t\t\t\t\t\t\t\t\t\t\t\t\t\t\t<\/div>\n\t\t\t\t\t\t\t\t\t\t\t\t\t\t\t\t<\/div>\n\t\t\t\t\t\t\t\t\t\t\t\t\t\t\t<\/article>\n\t\t\t\t\t\t\t\t\t\t\t\t\t\t\t\t\t\t\t\t\t\t\t\t\t\t\t\t<article class=\"post-item news-elementor-category-no-bk \">\n\t\t\t\t\t\t\t\t\t\t\t\t\t\t\t\t\t\t\t\t\t\t\t\t\t\t\t\t\t\t\t\t\t<figure class=\"post-thumb\">\n\t\t\t\t\t\t\t\t\t\t\t\t\t\t\t\t\t\t\t\t\t\t\t\t\t\t\t\t\t\t\t\t\t\t\t\t\t<span class=\"post-count\">2<\/span>\n\t\t\t\t\t\t\t\t\t\t\t\t\t\t\t\t\t\t\t\t\t\t\t\t\t\t\t\t\t\t\t\t\t\t\t\t \n\t\t\t\t\t\t\t\t\t\t\t\t\t\t\t\t\t\t\t<a href=\"https:\/\/destacado.com.mx\/index.php\/2026\/04\/30\/ricardo-gallardo-lleva-infraestructura-de-calidad-a-matehuala-con-nueva-etapa-vial\/\">\n\t\t\t\t\t\t\t\t\t\t\t\t\t\t\t\t\t\t\t\t<div class=\"post-thumb-parent\">\n\t\t\t\t\t\t\t\t\t\t\t\t\t\t\t\t\t\t\t\t\t<img decoding=\"async\" class=\"\" src=\"https:\/\/destacado.com.mx\/wp-content\/uploads\/2026\/05\/Ricardo-1.jpg\"\/>\n\t\t\t\t\t\t\t\t\t\t\t\t\t\t\t\t\t\t\t\t<\/div>\n\t\t\t\t\t\t\t\t\t\t\t\t\t\t\t\t\t\t\t<\/a>\n\t\t\t\t\t\t\t\t\t\t\t\t\t\t\t\t\t\t\t\t\t\t\t\t\t\t\t\t\t\t\t\t\t\t\t<\/figure>\n\t\t\t\t\t\t\t\t\t\t\t\t\t\t\t\t\t\t\t\t\t\t\t\t\t\t\t\t\t\t\t\t<div class=\"post-element\">\n\t\t\t\t\t\t\t\t\t\t\t\t\t\t\t\t\t\t\t\t\t\t\t\t\t\t\t\t\t\t\t\t\t\t\t<h2 class=\"post-title custom-animation--none\"><a href=\"https:\/\/destacado.com.mx\/index.php\/2026\/04\/30\/ricardo-gallardo-lleva-infraestructura-de-calidad-a-matehuala-con-nueva-etapa-vial\/\">Ricardo Gallardo lleva infraestructura de calidad a Matehuala con nueva etapa vial<\/a><\/h2>\n\t\t\t\t\t\t\t\t\t\t\t\t\t\t\t\t\t\t\t\t\t\t\t\t\t\t\t\t\t\t\t\t\t\t<div class=\"post-meta\">\n\t\t\t\t\t\t\t\t\t\t\t\t\t\t\t\t\t\t<ul class=\"post-categories\"><li class=\"cat-item cat-13\"><a href=\"https:\/\/destacado.com.mx\/index.php\/category\/politica\/\" rel=\"category tag\">Pol\u00edtica<\/a><\/li><\/ul>\t\t\t\t\t\t\t\t\t\t\t\t\t\t\t\t\t<\/div>\n\t\t\t\t\t\t\t\t\t\t\t\t\t\t\t\t<\/div>\n\t\t\t\t\t\t\t\t\t\t\t\t\t\t\t<\/article>\n\t\t\t\t\t\t\t\t\t\t\t\t\t\t\t\t\t\t\t\t\t\t\t\t\t\t\t\t<article class=\"post-item news-elementor-category-no-bk \">\n\t\t\t\t\t\t\t\t\t\t\t\t\t\t\t\t\t\t\t\t\t\t\t\t\t\t\t\t\t\t\t\t\t<figure class=\"post-thumb\">\n\t\t\t\t\t\t\t\t\t\t\t\t\t\t\t\t\t\t\t\t\t\t\t\t\t\t\t\t\t\t\t\t\t\t\t\t\t<span class=\"post-count\">3<\/span>\n\t\t\t\t\t\t\t\t\t\t\t\t\t\t\t\t\t\t\t\t\t\t\t\t\t\t\t\t\t\t\t\t\t\t\t\t \n\t\t\t\t\t\t\t\t\t\t\t\t\t\t\t\t\t\t\t<a href=\"https:\/\/destacado.com.mx\/index.php\/2026\/04\/30\/ruth-gonzalez-destaca-importancia-de-la-musica-en-formacion-de-ninas-y-jovenes\/\">\n\t\t\t\t\t\t\t\t\t\t\t\t\t\t\t\t\t\t\t\t<div class=\"post-thumb-parent\">\n\t\t\t\t\t\t\t\t\t\t\t\t\t\t\t\t\t\t\t\t\t<img decoding=\"async\" class=\"\" src=\"https:\/\/destacado.com.mx\/wp-content\/uploads\/2026\/05\/Ruth-3.jpg\"\/>\n\t\t\t\t\t\t\t\t\t\t\t\t\t\t\t\t\t\t\t\t<\/div>\n\t\t\t\t\t\t\t\t\t\t\t\t\t\t\t\t\t\t\t<\/a>\n\t\t\t\t\t\t\t\t\t\t\t\t\t\t\t\t\t\t\t\t\t\t\t\t\t\t\t\t\t\t\t\t\t\t\t<\/figure>\n\t\t\t\t\t\t\t\t\t\t\t\t\t\t\t\t\t\t\t\t\t\t\t\t\t\t\t\t\t\t\t\t<div class=\"post-element\">\n\t\t\t\t\t\t\t\t\t\t\t\t\t\t\t\t\t\t\t\t\t\t\t\t\t\t\t\t\t\t\t\t\t\t\t<h2 class=\"post-title custom-animation--none\"><a href=\"https:\/\/destacado.com.mx\/index.php\/2026\/04\/30\/ruth-gonzalez-destaca-importancia-de-la-musica-en-formacion-de-ninas-y-jovenes\/\">Ruth Gonz\u00e1lez destaca importancia de la m\u00fasica en formaci\u00f3n de ni\u00f1as y j\u00f3venes<\/a><\/h2>\n\t\t\t\t\t\t\t\t\t\t\t\t\t\t\t\t\t\t\t\t\t\t\t\t\t\t\t\t\t\t\t\t\t\t<div class=\"post-meta\">\n\t\t\t\t\t\t\t\t\t\t\t\t\t\t\t\t\t\t<ul class=\"post-categories\"><li class=\"cat-item cat-13\"><a href=\"https:\/\/destacado.com.mx\/index.php\/category\/politica\/\" rel=\"category tag\">Pol\u00edtica<\/a><\/li><\/ul>\t\t\t\t\t\t\t\t\t\t\t\t\t\t\t\t\t<\/div>\n\t\t\t\t\t\t\t\t\t\t\t\t\t\t\t\t<\/div>\n\t\t\t\t\t\t\t\t\t\t\t\t\t\t\t<\/article>\n\t\t\t\t\t\t\t\t\t\t\t\t\t\t\t\t\t\t\t\t\t\t\t\t\t\t\t\t<article class=\"post-item news-elementor-category-no-bk \">\n\t\t\t\t\t\t\t\t\t\t\t\t\t\t\t\t\t\t\t\t\t\t\t\t\t\t\t\t\t\t\t\t\t<figure class=\"post-thumb\">\n\t\t\t\t\t\t\t\t\t\t\t\t\t\t\t\t\t\t\t\t\t\t\t\t\t\t\t\t\t\t\t\t\t\t\t\t\t<span class=\"post-count\">4<\/span>\n\t\t\t\t\t\t\t\t\t\t\t\t\t\t\t\t\t\t\t\t\t\t\t\t\t\t\t\t\t\t\t\t\t\t\t\t \n\t\t\t\t\t\t\t\t\t\t\t\t\t\t\t\t\t\t\t<a href=\"https:\/\/destacado.com.mx\/index.php\/2026\/04\/28\/enrique-galindo-bajo-presion-por-inconformidad-social-y-falta-de-servicios-basicos\/\">\n\t\t\t\t\t\t\t\t\t\t\t\t\t\t\t\t\t\t\t\t<div class=\"post-thumb-parent\">\n\t\t\t\t\t\t\t\t\t\t\t\t\t\t\t\t\t\t\t\t\t<img decoding=\"async\" class=\"\" src=\"https:\/\/destacado.com.mx\/wp-content\/uploads\/2026\/04\/Galindo-3-1.png\"\/>\n\t\t\t\t\t\t\t\t\t\t\t\t\t\t\t\t\t\t\t\t<\/div>\n\t\t\t\t\t\t\t\t\t\t\t\t\t\t\t\t\t\t\t<\/a>\n\t\t\t\t\t\t\t\t\t\t\t\t\t\t\t\t\t\t\t\t\t\t\t\t\t\t\t\t\t\t\t\t\t\t\t<\/figure>\n\t\t\t\t\t\t\t\t\t\t\t\t\t\t\t\t\t\t\t\t\t\t\t\t\t\t\t\t\t\t\t\t<div class=\"post-element\">\n\t\t\t\t\t\t\t\t\t\t\t\t\t\t\t\t\t\t\t\t\t\t\t\t\t\t\t\t\t\t\t\t\t\t\t<h2 class=\"post-title custom-animation--none\"><a href=\"https:\/\/destacado.com.mx\/index.php\/2026\/04\/28\/enrique-galindo-bajo-presion-por-inconformidad-social-y-falta-de-servicios-basicos\/\">Enrique Galindo bajo presi\u00f3n por inconformidad social y falta de servicios b\u00e1sicos<\/a><\/h2>\n\t\t\t\t\t\t\t\t\t\t\t\t\t\t\t\t\t\t\t\t\t\t\t\t\t\t\t\t\t\t\t\t\t\t<div class=\"post-meta\">\n\t\t\t\t\t\t\t\t\t\t\t\t\t\t\t\t\t\t<ul class=\"post-categories\"><li class=\"cat-item cat-13\"><a href=\"https:\/\/destacado.com.mx\/index.php\/category\/politica\/\" rel=\"category tag\">Pol\u00edtica<\/a><\/li><\/ul>\t\t\t\t\t\t\t\t\t\t\t\t\t\t\t\t\t<\/div>\n\t\t\t\t\t\t\t\t\t\t\t\t\t\t\t\t<\/div>\n\t\t\t\t\t\t\t\t\t\t\t\t\t\t\t<\/article>\n\t\t\t\t\t\t\t\t\t\t\t\t\t\t\t\t\t\t\t\t\t\t\t\t\t\t\t\t<article class=\"post-item news-elementor-category-no-bk \">\n\t\t\t\t\t\t\t\t\t\t\t\t\t\t\t\t\t\t\t\t\t\t\t\t\t\t\t\t\t\t\t\t\t<figure class=\"post-thumb\">\n\t\t\t\t\t\t\t\t\t\t\t\t\t\t\t\t\t\t\t\t\t\t\t\t\t\t\t\t\t\t\t\t\t\t\t\t\t<span class=\"post-count\">5<\/span>\n\t\t\t\t\t\t\t\t\t\t\t\t\t\t\t\t\t\t\t\t\t\t\t\t\t\t\t\t\t\t\t\t\t\t\t\t \n\t\t\t\t\t\t\t\t\t\t\t\t\t\t\t\t\t\t\t<a href=\"https:\/\/destacado.com.mx\/index.php\/2026\/04\/28\/ricardo-gallardo-lleva-obras-y-servicios-a-infonavit-morales-para-mejorar-calidad-de-vida\/\">\n\t\t\t\t\t\t\t\t\t\t\t\t\t\t\t\t\t\t\t\t<div class=\"post-thumb-parent\">\n\t\t\t\t\t\t\t\t\t\t\t\t\t\t\t\t\t\t\t\t\t<img decoding=\"async\" class=\"\" src=\"https:\/\/destacado.com.mx\/wp-content\/uploads\/2026\/04\/Enchula-3.jpg\"\/>\n\t\t\t\t\t\t\t\t\t\t\t\t\t\t\t\t\t\t\t\t<\/div>\n\t\t\t\t\t\t\t\t\t\t\t\t\t\t\t\t\t\t\t<\/a>\n\t\t\t\t\t\t\t\t\t\t\t\t\t\t\t\t\t\t\t\t\t\t\t\t\t\t\t\t\t\t\t\t\t\t\t<\/figure>\n\t\t\t\t\t\t\t\t\t\t\t\t\t\t\t\t\t\t\t\t\t\t\t\t\t\t\t\t\t\t\t\t<div class=\"post-element\">\n\t\t\t\t\t\t\t\t\t\t\t\t\t\t\t\t\t\t\t\t\t\t\t\t\t\t\t\t\t\t\t\t\t\t\t<h2 class=\"post-title custom-animation--none\"><a href=\"https:\/\/destacado.com.mx\/index.php\/2026\/04\/28\/ricardo-gallardo-lleva-obras-y-servicios-a-infonavit-morales-para-mejorar-calidad-de-vida\/\">Ricardo Gallardo lleva obras y servicios a Infonavit-Morales para mejorar calidad de vida<\/a><\/h2>\n\t\t\t\t\t\t\t\t\t\t\t\t\t\t\t\t\t\t\t\t\t\t\t\t\t\t\t\t\t\t\t\t\t\t<div class=\"post-meta\">\n\t\t\t\t\t\t\t\t\t\t\t\t\t\t\t\t\t\t<ul class=\"post-categories\"><li class=\"cat-item cat-13\"><a href=\"https:\/\/destacado.com.mx\/index.php\/category\/politica\/\" rel=\"category tag\">Pol\u00edtica<\/a><\/li><\/ul>\t\t\t\t\t\t\t\t\t\t\t\t\t\t\t\t\t<\/div>\n\t\t\t\t\t\t\t\t\t\t\t\t\t\t\t\t<\/div>\n\t\t\t\t\t\t\t\t\t\t\t\t\t\t\t<\/article>\n\t\t\t\t\t\t\t\t\t\t\t\t\t\t\t\t\t\t\t\t\t\t\t\t\t\t\t\t<article class=\"post-item news-elementor-category-no-bk \">\n\t\t\t\t\t\t\t\t\t\t\t\t\t\t\t\t\t\t\t\t\t\t\t\t\t\t\t\t\t\t\t\t\t<figure class=\"post-thumb\">\n\t\t\t\t\t\t\t\t\t\t\t\t\t\t\t\t\t\t\t\t\t\t\t\t\t\t\t\t\t\t\t\t\t\t\t\t\t<span class=\"post-count\">6<\/span>\n\t\t\t\t\t\t\t\t\t\t\t\t\t\t\t\t\t\t\t\t\t\t\t\t\t\t\t\t\t\t\t\t\t\t\t\t \n\t\t\t\t\t\t\t\t\t\t\t\t\t\t\t\t\t\t\t<a href=\"https:\/\/destacado.com.mx\/index.php\/2026\/04\/28\/ruth-gonzalez-fortalece-la-calidad-de-vida-con-obras-en-eucaliptos\/\">\n\t\t\t\t\t\t\t\t\t\t\t\t\t\t\t\t\t\t\t\t<div class=\"post-thumb-parent\">\n\t\t\t\t\t\t\t\t\t\t\t\t\t\t\t\t\t\t\t\t\t<img decoding=\"async\" class=\"\" src=\"https:\/\/destacado.com.mx\/wp-content\/uploads\/2026\/04\/Jornada-3-6.png\"\/>\n\t\t\t\t\t\t\t\t\t\t\t\t\t\t\t\t\t\t\t\t<\/div>\n\t\t\t\t\t\t\t\t\t\t\t\t\t\t\t\t\t\t\t<\/a>\n\t\t\t\t\t\t\t\t\t\t\t\t\t\t\t\t\t\t\t\t\t\t\t\t\t\t\t\t\t\t\t\t\t\t\t<\/figure>\n\t\t\t\t\t\t\t\t\t\t\t\t\t\t\t\t\t\t\t\t\t\t\t\t\t\t\t\t\t\t\t\t<div class=\"post-element\">\n\t\t\t\t\t\t\t\t\t\t\t\t\t\t\t\t\t\t\t\t\t\t\t\t\t\t\t\t\t\t\t\t\t\t\t<h2 class=\"post-title custom-animation--none\"><a href=\"https:\/\/destacado.com.mx\/index.php\/2026\/04\/28\/ruth-gonzalez-fortalece-la-calidad-de-vida-con-obras-en-eucaliptos\/\">Ruth Gonz\u00e1lez fortalece la calidad de vida con obras en Eucaliptos<\/a><\/h2>\n\t\t\t\t\t\t\t\t\t\t\t\t\t\t\t\t\t\t\t\t\t\t\t\t\t\t\t\t\t\t\t\t\t\t<div class=\"post-meta\">\n\t\t\t\t\t\t\t\t\t\t\t\t\t\t\t\t\t\t<ul class=\"post-categories\"><li class=\"cat-item cat-13\"><a href=\"https:\/\/destacado.com.mx\/index.php\/category\/politica\/\" rel=\"category tag\">Pol\u00edtica<\/a><\/li><\/ul>\t\t\t\t\t\t\t\t\t\t\t\t\t\t\t\t\t<\/div>\n\t\t\t\t\t\t\t\t\t\t\t\t\t\t\t\t<\/div>\n\t\t\t\t\t\t\t\t\t\t\t\t\t\t\t<\/article>\n\t\t\t\t\t\t\t\t\t\t\t\t\t\t\t\t\t\t\t\t\t\t\t<\/div>\n\t\t\t\t\t\t\t\t\t<\/div>\n\t\t\t\t\t\t\t\t\t\t\t\t<\/div>\n\t\t\t<\/div>\n\t\t<\/section>\n\t\t\t\t\t\t<\/div>\n\t\t\t\t<\/div>\n\t\t\t\t\t<\/div>\n\t\t\t\t<\/div>\n\t\t<div class=\"elementor-element elementor-element-ffe68f9 e-flex e-con-boxed e-con e-parent\" data-id=\"ffe68f9\" data-element_type=\"container\" data-e-type=\"container\" data-settings=\"{&quot;background_background&quot;:&quot;classic&quot;}\">\n\t\t\t\t\t<div class=\"e-con-inner\">\n\t\t\t\t<div class=\"elementor-element elementor-element-9378246 upk-item-match-height--yes upk-navigation-type-arrows upk-carousel-style-carousel elementor-widget elementor-widget-upk-elite-carousel\" data-id=\"9378246\" data-element_type=\"widget\" data-e-type=\"widget\" data-widget_type=\"upk-elite-carousel.default\">\n\t\t\t\t\t\t\t<div id=\"upk-elite-carousel-9378246\" class=\"upk-elite-carousel upk-arrows-align-center\" data-settings=\"{&quot;autoplay&quot;:{&quot;delay&quot;:5000},&quot;loop&quot;:true,&quot;speed&quot;:500,&quot;slidesPerView&quot;:1,&quot;slidesPerGroup&quot;:1,&quot;effect&quot;:&quot;carousel&quot;,&quot;direction&quot;:&quot;horizontal&quot;,&quot;watchSlidesVisibility&quot;:true,&quot;watchSlidesProgress&quot;:true,&quot;breakpoints&quot;:{&quot;767&quot;:{&quot;slidesPerView&quot;:2,&quot;spaceBetween&quot;:0,&quot;slidesPerGroup&quot;:1},&quot;1023&quot;:{&quot;slidesPerView&quot;:3,&quot;spaceBetween&quot;:20,&quot;slidesPerGroup&quot;:1}},&quot;navigation&quot;:{&quot;nextEl&quot;:&quot;#upk-elite-carousel-9378246 .upk-navigation-next&quot;,&quot;prevEl&quot;:&quot;#upk-elite-carousel-9378246 .upk-navigation-prev&quot;},&quot;pagination&quot;:{&quot;el&quot;:&quot;#upk-elite-carousel-9378246 .swiper-pagination&quot;,&quot;type&quot;:&quot;&quot;,&quot;clickable&quot;:&quot;true&quot;,&quot;dynamicBullets&quot;:false},&quot;scrollbar&quot;:{&quot;el&quot;:&quot;#upk-elite-carousel-9378246 .swiper-scrollbar&quot;,&quot;hide&quot;:&quot;true&quot;},&quot;coverflowEffect&quot;:{&quot;rotate&quot;:50,&quot;stretch&quot;:0,&quot;depth&quot;:100,&quot;modifier&quot;:1,&quot;slideShadows&quot;:true}}\">\n\t\t\t<div class=\"upk-post-carousel-wrap\">\n\t\t\t\t<div class=\"swiper-carousel swiper\">\n\t\t\t\t\t<div class=\"swiper-wrapper\">\n\t\t\t\t\t\t\t\t\t\t\t<div class=\"upk-item swiper-slide\">\n\t\t\t\t\t\t\t<div class=\"upk-item-box\">\n\t\t\t\t\t\t\t\t<div class=\"upk-blog-image-wrapper\">\n\t\t\t\t\t\t\t\t\t<div class=\"upk-main-image\">\n\t\t\t\t\t\t\t\t\t\t\t\t<img decoding=\"async\" class=\"upk-blog-image\" src=\"https:\/\/destacado.com.mx\/wp-content\/uploads\/2026\/05\/Galindo-3-300x194.webp\" alt=\"Enrique Galindo minimiza crisis de agua mientras crece el enojo ciudadano\">\n\t\t\t\t\t\t\t\t\t\t<\/div>\n\n\t\t\t\t\t\t\t\t\t\n\t\t\t\t\t\t\t\t\t\t\t\t\t\t\t\t\t\t\t<div class=\"upk-category-meta-wrap upk-flex upk-flex-middle\">\n\n\t\t\t\t\t\t\t\t\t\t\t\t\t\t\t\t\t\t\t\t\t\t<div class=\"upk-flex upk-flex-middle upk-date-reading-wrap\">\n\n\t\t\t\t\t\t\t\t\t\t\t\t\t\t<div class=\"upk-date\">\n\t\t\tabril 30, 2026\t\t<\/div>\n\n\t\t\t\t\t\t\t\t\t\t\t\t\t\t\t\n\t\t\t\t\t\t\t\t\t\t\t\t\t\t\t\t\t\t\t\t\t\t\t<\/div>\n\t\t\t\t\t\t\t\t\t\t\t\n\t\t\t\t\t\t\t\t\t\t\t\t\t\t\t\t\t\t\t\t\t<\/div>\n\t\t\t\t\t\t\t\t\t\n\t\t\t\t\t\t\t\t<\/div>\n\n\t\t\t\t\t\t\t\t<div class=\"upk-blog-box-content\">\n\n\t\t\t\t\t\t\t\t\t<h3 class=\"upk-title\"><a href=\"https:\/\/destacado.com.mx\/index.php\/2026\/04\/30\/enrique-galindo-minimiza-crisis-de-agua-mientras-crece-el-enojo-ciudadano\/\" title=\"Enrique Galindo minimiza crisis de agua mientras crece el enojo ciudadano\" class=\"title-animation-\" aria-label=\"Enrique Galindo minimiza crisis de agua mientras crece el enojo ciudadano\">Enrique Galindo minimiza crisis de agua mientras crece el enojo ciudadano<\/a><\/h3>\n\t\t\t\t\t\t\t\t\t<div class=\"upk-text-wrap\">\n\t\t\t\t\t\t\t\t\t\t\t\t<div class=\"upk-text\">\n\t\t\t<p>La postura del alcalde Enrique Galindo Ceballos frente al desabasto de agua ha generado cuestionamientos, al insistir en que se<\/p>\n\t\t<\/div>\n\t\t\t\t\t\t\t\t\t\t\t<\/div>\n\n\t\t\t\t\t\t\t\t<\/div>\n\n\t\t\t\t\t\t\t<\/div>\n\t\t\t\t\t\t<\/div>\n\t\t\t\t\t\t\t\t\t\t<div class=\"upk-item swiper-slide\">\n\t\t\t\t\t\t\t<div class=\"upk-item-box\">\n\t\t\t\t\t\t\t\t<div class=\"upk-blog-image-wrapper\">\n\t\t\t\t\t\t\t\t\t<div class=\"upk-main-image\">\n\t\t\t\t\t\t\t\t\t\t\t\t<img decoding=\"async\" class=\"upk-blog-image\" src=\"https:\/\/destacado.com.mx\/wp-content\/uploads\/2026\/05\/Ricardo-1-300x169.jpg\" alt=\"Ricardo Gallardo lleva infraestructura de calidad a Matehuala con nueva etapa vial\">\n\t\t\t\t\t\t\t\t\t\t<\/div>\n\n\t\t\t\t\t\t\t\t\t\n\t\t\t\t\t\t\t\t\t\t\t\t\t\t\t\t\t\t\t<div class=\"upk-category-meta-wrap upk-flex upk-flex-middle\">\n\n\t\t\t\t\t\t\t\t\t\t\t\t\t\t\t\t\t\t\t\t\t\t<div class=\"upk-flex upk-flex-middle upk-date-reading-wrap\">\n\n\t\t\t\t\t\t\t\t\t\t\t\t\t\t<div class=\"upk-date\">\n\t\t\tabril 30, 2026\t\t<\/div>\n\n\t\t\t\t\t\t\t\t\t\t\t\t\t\t\t\n\t\t\t\t\t\t\t\t\t\t\t\t\t\t\t\t\t\t\t\t\t\t\t<\/div>\n\t\t\t\t\t\t\t\t\t\t\t\n\t\t\t\t\t\t\t\t\t\t\t\t\t\t\t\t\t\t\t\t\t<\/div>\n\t\t\t\t\t\t\t\t\t\n\t\t\t\t\t\t\t\t<\/div>\n\n\t\t\t\t\t\t\t\t<div class=\"upk-blog-box-content\">\n\n\t\t\t\t\t\t\t\t\t<h3 class=\"upk-title\"><a href=\"https:\/\/destacado.com.mx\/index.php\/2026\/04\/30\/ricardo-gallardo-lleva-infraestructura-de-calidad-a-matehuala-con-nueva-etapa-vial\/\" title=\"Ricardo Gallardo lleva infraestructura de calidad a Matehuala con nueva etapa vial\" class=\"title-animation-\" aria-label=\"Ricardo Gallardo lleva infraestructura de calidad a Matehuala con nueva etapa vial\">Ricardo Gallardo lleva infraestructura de calidad a Matehuala con nueva etapa vial<\/a><\/h3>\n\t\t\t\t\t\t\t\t\t<div class=\"upk-text-wrap\">\n\t\t\t\t\t\t\t\t\t\t\t\t<div class=\"upk-text\">\n\t\t\t<p>El desarrollo urbano en Matehuala avanza con la segunda etapa de la avenida de Las Torres, impulsada por el gobernador<\/p>\n\t\t<\/div>\n\t\t\t\t\t\t\t\t\t\t\t<\/div>\n\n\t\t\t\t\t\t\t\t<\/div>\n\n\t\t\t\t\t\t\t<\/div>\n\t\t\t\t\t\t<\/div>\n\t\t\t\t\t\t\t\t\t\t<div class=\"upk-item swiper-slide\">\n\t\t\t\t\t\t\t<div class=\"upk-item-box\">\n\t\t\t\t\t\t\t\t<div class=\"upk-blog-image-wrapper\">\n\t\t\t\t\t\t\t\t\t<div class=\"upk-main-image\">\n\t\t\t\t\t\t\t\t\t\t\t\t<img decoding=\"async\" class=\"upk-blog-image\" src=\"https:\/\/destacado.com.mx\/wp-content\/uploads\/2026\/05\/Ruth-3-300x200.jpg\" alt=\"Ruth Gonz\u00e1lez destaca importancia de la m\u00fasica en formaci\u00f3n de ni\u00f1as y j\u00f3venes\">\n\t\t\t\t\t\t\t\t\t\t<\/div>\n\n\t\t\t\t\t\t\t\t\t\n\t\t\t\t\t\t\t\t\t\t\t\t\t\t\t\t\t\t\t<div class=\"upk-category-meta-wrap upk-flex upk-flex-middle\">\n\n\t\t\t\t\t\t\t\t\t\t\t\t\t\t\t\t\t\t\t\t\t\t<div class=\"upk-flex upk-flex-middle upk-date-reading-wrap\">\n\n\t\t\t\t\t\t\t\t\t\t\t\t\t\t<div class=\"upk-date\">\n\t\t\tabril 30, 2026\t\t<\/div>\n\n\t\t\t\t\t\t\t\t\t\t\t\t\t\t\t\n\t\t\t\t\t\t\t\t\t\t\t\t\t\t\t\t\t\t\t\t\t\t\t<\/div>\n\t\t\t\t\t\t\t\t\t\t\t\n\t\t\t\t\t\t\t\t\t\t\t\t\t\t\t\t\t\t\t\t\t<\/div>\n\t\t\t\t\t\t\t\t\t\n\t\t\t\t\t\t\t\t<\/div>\n\n\t\t\t\t\t\t\t\t<div class=\"upk-blog-box-content\">\n\n\t\t\t\t\t\t\t\t\t<h3 class=\"upk-title\"><a href=\"https:\/\/destacado.com.mx\/index.php\/2026\/04\/30\/ruth-gonzalez-destaca-importancia-de-la-musica-en-formacion-de-ninas-y-jovenes\/\" title=\"Ruth Gonz\u00e1lez destaca importancia de la m\u00fasica en formaci\u00f3n de ni\u00f1as y j\u00f3venes\" class=\"title-animation-\" aria-label=\"Ruth Gonz\u00e1lez destaca importancia de la m\u00fasica en formaci\u00f3n de ni\u00f1as y j\u00f3venes\">Ruth Gonz\u00e1lez destaca importancia de la m\u00fasica en formaci\u00f3n de ni\u00f1as y j\u00f3venes<\/a><\/h3>\n\t\t\t\t\t\t\t\t\t<div class=\"upk-text-wrap\">\n\t\t\t\t\t\t\t\t\t\t\t\t<div class=\"upk-text\">\n\t\t\t<p>La senadora Ruth Gonz\u00e1lez Silva particip\u00f3 en la presentaci\u00f3n de la Orquesta Sinf\u00f3nica Infantil y Juvenil de Tepeji del R\u00edo,<\/p>\n\t\t<\/div>\n\t\t\t\t\t\t\t\t\t\t\t<\/div>\n\n\t\t\t\t\t\t\t\t<\/div>\n\n\t\t\t\t\t\t\t<\/div>\n\t\t\t\t\t\t<\/div>\n\t\t\t\t\t\t\t\t\t\t<div class=\"upk-item swiper-slide\">\n\t\t\t\t\t\t\t<div class=\"upk-item-box\">\n\t\t\t\t\t\t\t\t<div class=\"upk-blog-image-wrapper\">\n\t\t\t\t\t\t\t\t\t<div class=\"upk-main-image\">\n\t\t\t\t\t\t\t\t\t\t\t\t<img decoding=\"async\" class=\"upk-blog-image\" src=\"https:\/\/destacado.com.mx\/wp-content\/uploads\/2026\/04\/Galindo-3-1-300x225.png\" alt=\"Enrique Galindo bajo presi\u00f3n por inconformidad social y falta de servicios b\u00e1sicos\">\n\t\t\t\t\t\t\t\t\t\t<\/div>\n\n\t\t\t\t\t\t\t\t\t\n\t\t\t\t\t\t\t\t\t\t\t\t\t\t\t\t\t\t\t<div class=\"upk-category-meta-wrap upk-flex upk-flex-middle\">\n\n\t\t\t\t\t\t\t\t\t\t\t\t\t\t\t\t\t\t\t\t\t\t<div class=\"upk-flex upk-flex-middle upk-date-reading-wrap\">\n\n\t\t\t\t\t\t\t\t\t\t\t\t\t\t<div class=\"upk-date\">\n\t\t\tabril 28, 2026\t\t<\/div>\n\n\t\t\t\t\t\t\t\t\t\t\t\t\t\t\t\n\t\t\t\t\t\t\t\t\t\t\t\t\t\t\t\t\t\t\t\t\t\t\t<\/div>\n\t\t\t\t\t\t\t\t\t\t\t\n\t\t\t\t\t\t\t\t\t\t\t\t\t\t\t\t\t\t\t\t\t<\/div>\n\t\t\t\t\t\t\t\t\t\n\t\t\t\t\t\t\t\t<\/div>\n\n\t\t\t\t\t\t\t\t<div class=\"upk-blog-box-content\">\n\n\t\t\t\t\t\t\t\t\t<h3 class=\"upk-title\"><a href=\"https:\/\/destacado.com.mx\/index.php\/2026\/04\/28\/enrique-galindo-bajo-presion-por-inconformidad-social-y-falta-de-servicios-basicos\/\" title=\"Enrique Galindo bajo presi\u00f3n por inconformidad social y falta de servicios b\u00e1sicos\" class=\"title-animation-\" aria-label=\"Enrique Galindo bajo presi\u00f3n por inconformidad social y falta de servicios b\u00e1sicos\">Enrique Galindo bajo presi\u00f3n por inconformidad social y falta de servicios b\u00e1sicos<\/a><\/h3>\n\t\t\t\t\t\t\t\t\t<div class=\"upk-text-wrap\">\n\t\t\t\t\t\t\t\t\t\t\t\t<div class=\"upk-text\">\n\t\t\t<p>Las protestas registradas en la capital potosina evidencian un clima de inconformidad hacia la administraci\u00f3n municipal encabezada por Enrique Galindo<\/p>\n\t\t<\/div>\n\t\t\t\t\t\t\t\t\t\t\t<\/div>\n\n\t\t\t\t\t\t\t\t<\/div>\n\n\t\t\t\t\t\t\t<\/div>\n\t\t\t\t\t\t<\/div>\n\t\t\t\t\t\t\t\t\t\t<div class=\"upk-item swiper-slide\">\n\t\t\t\t\t\t\t<div class=\"upk-item-box\">\n\t\t\t\t\t\t\t\t<div class=\"upk-blog-image-wrapper\">\n\t\t\t\t\t\t\t\t\t<div class=\"upk-main-image\">\n\t\t\t\t\t\t\t\t\t\t\t\t<img decoding=\"async\" class=\"upk-blog-image\" src=\"https:\/\/destacado.com.mx\/wp-content\/uploads\/2026\/04\/Enchula-3-225x300.jpg\" alt=\"Ricardo Gallardo lleva obras y servicios a Infonavit-Morales para mejorar calidad de vida\">\n\t\t\t\t\t\t\t\t\t\t<\/div>\n\n\t\t\t\t\t\t\t\t\t\n\t\t\t\t\t\t\t\t\t\t\t\t\t\t\t\t\t\t\t<div class=\"upk-category-meta-wrap upk-flex upk-flex-middle\">\n\n\t\t\t\t\t\t\t\t\t\t\t\t\t\t\t\t\t\t\t\t\t\t<div class=\"upk-flex upk-flex-middle upk-date-reading-wrap\">\n\n\t\t\t\t\t\t\t\t\t\t\t\t\t\t<div class=\"upk-date\">\n\t\t\tabril 28, 2026\t\t<\/div>\n\n\t\t\t\t\t\t\t\t\t\t\t\t\t\t\t\n\t\t\t\t\t\t\t\t\t\t\t\t\t\t\t\t\t\t\t\t\t\t\t<\/div>\n\t\t\t\t\t\t\t\t\t\t\t\n\t\t\t\t\t\t\t\t\t\t\t\t\t\t\t\t\t\t\t\t\t<\/div>\n\t\t\t\t\t\t\t\t\t\n\t\t\t\t\t\t\t\t<\/div>\n\n\t\t\t\t\t\t\t\t<div class=\"upk-blog-box-content\">\n\n\t\t\t\t\t\t\t\t\t<h3 class=\"upk-title\"><a href=\"https:\/\/destacado.com.mx\/index.php\/2026\/04\/28\/ricardo-gallardo-lleva-obras-y-servicios-a-infonavit-morales-para-mejorar-calidad-de-vida\/\" title=\"Ricardo Gallardo lleva obras y servicios a Infonavit-Morales para mejorar calidad de vida\" class=\"title-animation-\" aria-label=\"Ricardo Gallardo lleva obras y servicios a Infonavit-Morales para mejorar calidad de vida\">Ricardo Gallardo lleva obras y servicios a Infonavit-Morales para mejorar calidad de vida<\/a><\/h3>\n\t\t\t\t\t\t\t\t\t<div class=\"upk-text-wrap\">\n\t\t\t\t\t\t\t\t\t\t\t\t<div class=\"upk-text\">\n\t\t\t<p>El programa \u201cEnch\u00falame la Colonia\u201d contin\u00faa generando resultados en San Luis Potos\u00ed con su llegada a Infonavit-Morales. El gobernador Ricardo<\/p>\n\t\t<\/div>\n\t\t\t\t\t\t\t\t\t\t\t<\/div>\n\n\t\t\t\t\t\t\t\t<\/div>\n\n\t\t\t\t\t\t\t<\/div>\n\t\t\t\t\t\t<\/div>\n\t\t\t\t\t\t\t\t\t\t<div class=\"upk-item swiper-slide\">\n\t\t\t\t\t\t\t<div class=\"upk-item-box\">\n\t\t\t\t\t\t\t\t<div class=\"upk-blog-image-wrapper\">\n\t\t\t\t\t\t\t\t\t<div class=\"upk-main-image\">\n\t\t\t\t\t\t\t\t\t\t\t\t<img decoding=\"async\" class=\"upk-blog-image\" src=\"https:\/\/destacado.com.mx\/wp-content\/uploads\/2026\/04\/Jornada-3-6-300x200.png\" alt=\"Ruth Gonz\u00e1lez fortalece la calidad de vida con obras en Eucaliptos\">\n\t\t\t\t\t\t\t\t\t\t<\/div>\n\n\t\t\t\t\t\t\t\t\t\n\t\t\t\t\t\t\t\t\t\t\t\t\t\t\t\t\t\t\t<div class=\"upk-category-meta-wrap upk-flex upk-flex-middle\">\n\n\t\t\t\t\t\t\t\t\t\t\t\t\t\t\t\t\t\t\t\t\t\t<div class=\"upk-flex upk-flex-middle upk-date-reading-wrap\">\n\n\t\t\t\t\t\t\t\t\t\t\t\t\t\t<div class=\"upk-date\">\n\t\t\tabril 28, 2026\t\t<\/div>\n\n\t\t\t\t\t\t\t\t\t\t\t\t\t\t\t\n\t\t\t\t\t\t\t\t\t\t\t\t\t\t\t\t\t\t\t\t\t\t\t<\/div>\n\t\t\t\t\t\t\t\t\t\t\t\n\t\t\t\t\t\t\t\t\t\t\t\t\t\t\t\t\t\t\t\t\t<\/div>\n\t\t\t\t\t\t\t\t\t\n\t\t\t\t\t\t\t\t<\/div>\n\n\t\t\t\t\t\t\t\t<div class=\"upk-blog-box-content\">\n\n\t\t\t\t\t\t\t\t\t<h3 class=\"upk-title\"><a href=\"https:\/\/destacado.com.mx\/index.php\/2026\/04\/28\/ruth-gonzalez-fortalece-la-calidad-de-vida-con-obras-en-eucaliptos\/\" title=\"Ruth Gonz\u00e1lez fortalece la calidad de vida con obras en Eucaliptos\" class=\"title-animation-\" aria-label=\"Ruth Gonz\u00e1lez fortalece la calidad de vida con obras en Eucaliptos\">Ruth Gonz\u00e1lez fortalece la calidad de vida con obras en Eucaliptos<\/a><\/h3>\n\t\t\t\t\t\t\t\t\t<div class=\"upk-text-wrap\">\n\t\t\t\t\t\t\t\t\t\t\t\t<div class=\"upk-text\">\n\t\t\t<p>Las acciones de mejora urbana contin\u00faan avanzando en San Luis Potos\u00ed, inform\u00f3 la senadora Ruth Gonz\u00e1lez Silva, al destacar trabajos<\/p>\n\t\t<\/div>\n\t\t\t\t\t\t\t\t\t\t\t<\/div>\n\n\t\t\t\t\t\t\t\t<\/div>\n\n\t\t\t\t\t\t\t<\/div>\n\t\t\t\t\t\t<\/div>\n\t\t\t\t\t\t<\/div>\n\t\t\t\t<\/div>\n\t\t\n\t\t\t\t\t\t\t\t\t\t\t<div class=\"upk-position-z-index upk-position-center upk-visible@m\">\n\t\t\t\t<div class=\"upk-arrows-container upk-slidenav-container\">\n\t\t\t\t\t<div class=\"upk-navigation-prev\">\n\t\t\t\t\t\t<i class=\"upk-icon-arrow-left-0\" aria-hidden=\"true\"><\/i>\n\t\t\t\t\t<\/div>\n\t\t\t\t\t<div class=\"upk-navigation-next\">\n\t\t\t\t\t\t<i class=\"upk-icon-arrow-right-0\" aria-hidden=\"true\"><\/i>\n\t\t\t\t\t<\/div>\n\t\t\t\t<\/div>\n\t\t\t<\/div>\n\t\t\t\t\n\t\t<\/div>\n\t\t<\/div>\n\t\t\t\t\t\t<\/div>\n\t\t\t\t\t<\/div>\n\t\t\t\t<\/div>\n\t\t<div class=\"elementor-element elementor-element-464fd9e9 e-flex e-con-boxed e-con e-parent\" data-id=\"464fd9e9\" data-element_type=\"container\" data-e-type=\"container\" data-settings=\"{&quot;background_background&quot;:&quot;classic&quot;}\">\n\t\t\t\t\t<div class=\"e-con-inner\">\n\t\t<div class=\"elementor-element elementor-element-411d1d31 e-con-full e-flex e-con e-child\" data-id=\"411d1d31\" data-element_type=\"container\" data-e-type=\"container\">\n\t\t<div class=\"elementor-element elementor-element-1eedd246 e-con-full e-flex e-con e-child\" data-id=\"1eedd246\" data-element_type=\"container\" data-e-type=\"container\" data-settings=\"{&quot;background_background&quot;:&quot;classic&quot;}\">\n\t\t\t\t<div class=\"elementor-element elementor-element-35138ee1 elementor-widget elementor-widget-heading\" data-id=\"35138ee1\" data-element_type=\"widget\" data-e-type=\"widget\" data-widget_type=\"heading.default\">\n\t\t\t\t\t<h2 class=\"elementor-heading-title elementor-size-default\">Selecci\u00f3n del editor<\/h2>\t\t\t\t<\/div>\n\t\t\t\t<div class=\"elementor-element elementor-element-282eed41 elementor-widget-divider--view-line elementor-widget elementor-widget-divider\" data-id=\"282eed41\" data-element_type=\"widget\" data-e-type=\"widget\" data-widget_type=\"divider.default\">\n\t\t\t\t\t\t\t<div class=\"elementor-divider\">\n\t\t\t<span class=\"elementor-divider-separator\">\n\t\t\t\t\t\t<\/span>\n\t\t<\/div>\n\t\t\t\t\t\t<\/div>\n\t\t\t\t<\/div>\n\t\t\t\t<div class=\"elementor-element elementor-element-29df9f7b elementor-widget elementor-widget-upk-maple-grid\" data-id=\"29df9f7b\" data-element_type=\"widget\" data-e-type=\"widget\" data-widget_type=\"upk-maple-grid.default\">\n\t\t\t\t\t\t\t<div class=\"upk-maple-grid upk-ajax-grid\" data-loadmore=\"[]\">\n\t\t\t<div class=\"upk-post-grid upk-ajax-grid-wrap upk-style-4\">\n\n\t\t\t\t\n\t\t\t\t\t\t\t<div class=\"upk-item\">\n\t\t\t<div class=\"upk-item-box\">\n\t\t\t\t<div class=\"upk-image-wrap\">\n\t\t\t\t\t<div class=\"upk-main-image\">\n\t\t\t\t\t\t<img loading=\"lazy\" decoding=\"async\" width=\"696\" height=\"450\" src=\"https:\/\/destacado.com.mx\/wp-content\/uploads\/2026\/05\/Galindo-3.webp\" class=\"upk-img\" alt=\"Enrique Galindo minimiza crisis de agua mientras crece el enojo ciudadano\" srcset=\"https:\/\/destacado.com.mx\/wp-content\/uploads\/2026\/05\/Galindo-3.webp 696w, https:\/\/destacado.com.mx\/wp-content\/uploads\/2026\/05\/Galindo-3-300x194.webp 300w\" sizes=\"(max-width: 696px) 100vw, 696px\" \/>\t\t\t\t\t<\/div>\n\n\t\t\t\t\t\t\t\t\t\t\t\t\t\t\t\t\t\t\t<div class=\"upk-category\">\n\t\t\t<a href=\"https:\/\/destacado.com.mx\/index.php\/category\/politica\/\" \n\t\t\t\t\t\t\taria-label=\"Category Pol\u00edtica\">Pol\u00edtica<\/a>\t\t<\/div>\n\t\t\t\t\t\t\n\t\t\t\t<\/div>\n\n\t\t\t\t<div class=\"upk-content\">\n\t\t\t\t\t<div class=\"upk-content-inner\">\n\n\t\t\t\t\t\t\t\t\t\t\t\t\t<div class=\"upk-meta\">\n\t\t\t\t\t\t\t\t\t\t\t\t\t\t\t\t\t\t\t\n\t\t\t\t\t\t\t\t\t\n\t\t\t\t\t\t\t\t\t\t\t\t\t\t\t\t\t<div class=\"upk-blog-date\" data-separator=\"-\">\n\t\t\t\t\t\t\t\t\t\t<div class=\"upk-blog-date\">\n\t\t\t\t\t\t\t\t\t\t\t<a class=\"date\" href=\"#\">\n\t\t\t\t\t\t\t\t\t\t\t\t<i class=\"upk-icon-calendar\" aria-hidden=\"true\"><\/i>abril 30, 2026\t\t\t\t\t\t\t\t\t\t\t<\/a>\n\t\t\t\t\t\t\t\t\t\t<\/div>\n\n\t\t\t\t\t\t\t\t\t\t\t\t\t\t\t\t\t\t\t<\/div>\n\t\t\t\t\t\t\t\t\n\t\t\t\t\t\t\t\t\n\t\t\t\t\t\t\t<\/div>\n\t\t\t\t\t\t\n\t\t\t\t\t\t<h3 class=\"upk-title\"><a href=\"https:\/\/destacado.com.mx\/index.php\/2026\/04\/30\/enrique-galindo-minimiza-crisis-de-agua-mientras-crece-el-enojo-ciudadano\/\" title=\"Enrique Galindo minimiza crisis de agua mientras crece el enojo ciudadano\" class=\"title-animation-underline\" aria-label=\"Enrique Galindo minimiza crisis de agua mientras crece el enojo ciudadano\">Enrique Galindo minimiza crisis de agua mientras crece el enojo ciudadano<\/a><\/h3>\n\t\t\t\t\t\t\t\t\t\t\t\t\t\t\t\t\t\t\t\t\t\t\t\t<\/div>\n\t\t\t\t<\/div>\n\n\t\t\t<\/div>\n\t\t<\/div>\n\n\n\t\n\t\t\t\t\n\t\t\t\t\t\t\t<div class=\"upk-item\">\n\t\t\t<div class=\"upk-item-box\">\n\t\t\t\t<div class=\"upk-image-wrap\">\n\t\t\t\t\t<div class=\"upk-main-image\">\n\t\t\t\t\t\t<img loading=\"lazy\" decoding=\"async\" width=\"2048\" height=\"1152\" src=\"https:\/\/destacado.com.mx\/wp-content\/uploads\/2026\/05\/Ricardo-1.jpg\" class=\"upk-img\" alt=\"Ricardo Gallardo lleva infraestructura de calidad a Matehuala con nueva etapa vial\" srcset=\"https:\/\/destacado.com.mx\/wp-content\/uploads\/2026\/05\/Ricardo-1.jpg 2048w, https:\/\/destacado.com.mx\/wp-content\/uploads\/2026\/05\/Ricardo-1-300x169.jpg 300w, https:\/\/destacado.com.mx\/wp-content\/uploads\/2026\/05\/Ricardo-1-1024x576.jpg 1024w, https:\/\/destacado.com.mx\/wp-content\/uploads\/2026\/05\/Ricardo-1-768x432.jpg 768w, https:\/\/destacado.com.mx\/wp-content\/uploads\/2026\/05\/Ricardo-1-1536x864.jpg 1536w\" sizes=\"(max-width: 2048px) 100vw, 2048px\" \/>\t\t\t\t\t<\/div>\n\n\t\t\t\t\t\t\t\t\t\t\t\t\t\t\t\t\t\t\t<div class=\"upk-category\">\n\t\t\t<a href=\"https:\/\/destacado.com.mx\/index.php\/category\/politica\/\" \n\t\t\t\t\t\t\taria-label=\"Category Pol\u00edtica\">Pol\u00edtica<\/a>\t\t<\/div>\n\t\t\t\t\t\t\n\t\t\t\t<\/div>\n\n\t\t\t\t<div class=\"upk-content\">\n\t\t\t\t\t<div class=\"upk-content-inner\">\n\n\t\t\t\t\t\t\t\t\t\t\t\t\t<div class=\"upk-meta\">\n\t\t\t\t\t\t\t\t\t\t\t\t\t\t\t\t\t\t\t\n\t\t\t\t\t\t\t\t\t\n\t\t\t\t\t\t\t\t\t\t\t\t\t\t\t\t\t<div class=\"upk-blog-date\" data-separator=\"-\">\n\t\t\t\t\t\t\t\t\t\t<div class=\"upk-blog-date\">\n\t\t\t\t\t\t\t\t\t\t\t<a class=\"date\" href=\"#\">\n\t\t\t\t\t\t\t\t\t\t\t\t<i class=\"upk-icon-calendar\" aria-hidden=\"true\"><\/i>abril 30, 2026\t\t\t\t\t\t\t\t\t\t\t<\/a>\n\t\t\t\t\t\t\t\t\t\t<\/div>\n\n\t\t\t\t\t\t\t\t\t\t\t\t\t\t\t\t\t\t\t<\/div>\n\t\t\t\t\t\t\t\t\n\t\t\t\t\t\t\t\t\n\t\t\t\t\t\t\t<\/div>\n\t\t\t\t\t\t\n\t\t\t\t\t\t<h3 class=\"upk-title\"><a href=\"https:\/\/destacado.com.mx\/index.php\/2026\/04\/30\/ricardo-gallardo-lleva-infraestructura-de-calidad-a-matehuala-con-nueva-etapa-vial\/\" title=\"Ricardo Gallardo lleva infraestructura de calidad a Matehuala con nueva etapa vial\" class=\"title-animation-underline\" aria-label=\"Ricardo Gallardo lleva infraestructura de calidad a Matehuala con nueva etapa vial\">Ricardo Gallardo lleva infraestructura de calidad a Matehuala con nueva etapa vial<\/a><\/h3>\n\t\t\t\t\t\t\t\t\t\t\t\t\t\t\t\t\t\t\t\t\t\t\t\t<\/div>\n\t\t\t\t<\/div>\n\n\t\t\t<\/div>\n\t\t<\/div>\n\n\n\t\n\t\t\t\t\n\t\t\t\t\t\t\t<div class=\"upk-item\">\n\t\t\t<div class=\"upk-item-box\">\n\t\t\t\t<div class=\"upk-image-wrap\">\n\t\t\t\t\t<div class=\"upk-main-image\">\n\t\t\t\t\t\t<img loading=\"lazy\" decoding=\"async\" width=\"2048\" height=\"1368\" src=\"https:\/\/destacado.com.mx\/wp-content\/uploads\/2026\/05\/Ruth-3.jpg\" class=\"upk-img\" alt=\"Ruth Gonz\u00e1lez destaca importancia de la m\u00fasica en formaci\u00f3n de ni\u00f1as y j\u00f3venes\" srcset=\"https:\/\/destacado.com.mx\/wp-content\/uploads\/2026\/05\/Ruth-3.jpg 2048w, https:\/\/destacado.com.mx\/wp-content\/uploads\/2026\/05\/Ruth-3-300x200.jpg 300w, https:\/\/destacado.com.mx\/wp-content\/uploads\/2026\/05\/Ruth-3-1024x684.jpg 1024w, https:\/\/destacado.com.mx\/wp-content\/uploads\/2026\/05\/Ruth-3-768x513.jpg 768w, https:\/\/destacado.com.mx\/wp-content\/uploads\/2026\/05\/Ruth-3-1536x1026.jpg 1536w\" sizes=\"(max-width: 2048px) 100vw, 2048px\" \/>\t\t\t\t\t<\/div>\n\n\t\t\t\t\t\t\t\t\t\t\t\t\t\t\t\t\t\t\t<div class=\"upk-category\">\n\t\t\t<a href=\"https:\/\/destacado.com.mx\/index.php\/category\/politica\/\" \n\t\t\t\t\t\t\taria-label=\"Category Pol\u00edtica\">Pol\u00edtica<\/a>\t\t<\/div>\n\t\t\t\t\t\t\n\t\t\t\t<\/div>\n\n\t\t\t\t<div class=\"upk-content\">\n\t\t\t\t\t<div class=\"upk-content-inner\">\n\n\t\t\t\t\t\t\t\t\t\t\t\t\t<div class=\"upk-meta\">\n\t\t\t\t\t\t\t\t\t\t\t\t\t\t\t\t\t\t\t\n\t\t\t\t\t\t\t\t\t\n\t\t\t\t\t\t\t\t\t\t\t\t\t\t\t\t\t<div class=\"upk-blog-date\" data-separator=\"-\">\n\t\t\t\t\t\t\t\t\t\t<div class=\"upk-blog-date\">\n\t\t\t\t\t\t\t\t\t\t\t<a class=\"date\" href=\"#\">\n\t\t\t\t\t\t\t\t\t\t\t\t<i class=\"upk-icon-calendar\" aria-hidden=\"true\"><\/i>abril 30, 2026\t\t\t\t\t\t\t\t\t\t\t<\/a>\n\t\t\t\t\t\t\t\t\t\t<\/div>\n\n\t\t\t\t\t\t\t\t\t\t\t\t\t\t\t\t\t\t\t<\/div>\n\t\t\t\t\t\t\t\t\n\t\t\t\t\t\t\t\t\n\t\t\t\t\t\t\t<\/div>\n\t\t\t\t\t\t\n\t\t\t\t\t\t<h3 class=\"upk-title\"><a href=\"https:\/\/destacado.com.mx\/index.php\/2026\/04\/30\/ruth-gonzalez-destaca-importancia-de-la-musica-en-formacion-de-ninas-y-jovenes\/\" title=\"Ruth Gonz\u00e1lez destaca importancia de la m\u00fasica en formaci\u00f3n de ni\u00f1as y j\u00f3venes\" class=\"title-animation-underline\" aria-label=\"Ruth Gonz\u00e1lez destaca importancia de la m\u00fasica en formaci\u00f3n de ni\u00f1as y j\u00f3venes\">Ruth Gonz\u00e1lez destaca importancia de la m\u00fasica en formaci\u00f3n de ni\u00f1as y j\u00f3venes<\/a><\/h3>\n\t\t\t\t\t\t\t\t\t\t\t\t\t\t\t\t\t\t\t\t\t\t\t\t<\/div>\n\t\t\t\t<\/div>\n\n\t\t\t<\/div>\n\t\t<\/div>\n\n\n\t\n\t\t\t\t\n\t\t\t\t\t\t\t<div class=\"upk-item\">\n\t\t\t<div class=\"upk-item-box\">\n\t\t\t\t<div class=\"upk-image-wrap\">\n\t\t\t\t\t<div class=\"upk-main-image\">\n\t\t\t\t\t\t<img loading=\"lazy\" decoding=\"async\" width=\"1448\" height=\"1086\" src=\"https:\/\/destacado.com.mx\/wp-content\/uploads\/2026\/04\/Galindo-3-1.png\" class=\"upk-img\" alt=\"Enrique Galindo bajo presi\u00f3n por inconformidad social y falta de servicios b\u00e1sicos\" srcset=\"https:\/\/destacado.com.mx\/wp-content\/uploads\/2026\/04\/Galindo-3-1.png 1448w, https:\/\/destacado.com.mx\/wp-content\/uploads\/2026\/04\/Galindo-3-1-300x225.png 300w, https:\/\/destacado.com.mx\/wp-content\/uploads\/2026\/04\/Galindo-3-1-1024x768.png 1024w, https:\/\/destacado.com.mx\/wp-content\/uploads\/2026\/04\/Galindo-3-1-768x576.png 768w\" sizes=\"(max-width: 1448px) 100vw, 1448px\" \/>\t\t\t\t\t<\/div>\n\n\t\t\t\t\t\t\t\t\t\t\t\t\t\t\t\t\t\t\t<div class=\"upk-category\">\n\t\t\t<a href=\"https:\/\/destacado.com.mx\/index.php\/category\/politica\/\" \n\t\t\t\t\t\t\taria-label=\"Category Pol\u00edtica\">Pol\u00edtica<\/a>\t\t<\/div>\n\t\t\t\t\t\t\n\t\t\t\t<\/div>\n\n\t\t\t\t<div class=\"upk-content\">\n\t\t\t\t\t<div class=\"upk-content-inner\">\n\n\t\t\t\t\t\t\t\t\t\t\t\t\t<div class=\"upk-meta\">\n\t\t\t\t\t\t\t\t\t\t\t\t\t\t\t\t\t\t\t\n\t\t\t\t\t\t\t\t\t\n\t\t\t\t\t\t\t\t\t\t\t\t\t\t\t\t\t<div class=\"upk-blog-date\" data-separator=\"-\">\n\t\t\t\t\t\t\t\t\t\t<div class=\"upk-blog-date\">\n\t\t\t\t\t\t\t\t\t\t\t<a class=\"date\" href=\"#\">\n\t\t\t\t\t\t\t\t\t\t\t\t<i class=\"upk-icon-calendar\" aria-hidden=\"true\"><\/i>abril 28, 2026\t\t\t\t\t\t\t\t\t\t\t<\/a>\n\t\t\t\t\t\t\t\t\t\t<\/div>\n\n\t\t\t\t\t\t\t\t\t\t\t\t\t\t\t\t\t\t\t<\/div>\n\t\t\t\t\t\t\t\t\n\t\t\t\t\t\t\t\t\n\t\t\t\t\t\t\t<\/div>\n\t\t\t\t\t\t\n\t\t\t\t\t\t<h3 class=\"upk-title\"><a href=\"https:\/\/destacado.com.mx\/index.php\/2026\/04\/28\/enrique-galindo-bajo-presion-por-inconformidad-social-y-falta-de-servicios-basicos\/\" title=\"Enrique Galindo bajo presi\u00f3n por inconformidad social y falta de servicios b\u00e1sicos\" class=\"title-animation-underline\" aria-label=\"Enrique Galindo bajo presi\u00f3n por inconformidad social y falta de servicios b\u00e1sicos\">Enrique Galindo bajo presi\u00f3n por inconformidad social y falta de servicios b\u00e1sicos<\/a><\/h3>\n\t\t\t\t\t\t\t\t\t\t\t\t\t\t\t\t\t\t\t\t\t\t\t\t<\/div>\n\t\t\t\t<\/div>\n\n\t\t\t<\/div>\n\t\t<\/div>\n\n\n\t\n\t\t\t\t\n\t\t\t\t\t\t\t<div class=\"upk-item\">\n\t\t\t<div class=\"upk-item-box\">\n\t\t\t\t<div class=\"upk-image-wrap\">\n\t\t\t\t\t<div class=\"upk-main-image\">\n\t\t\t\t\t\t<img loading=\"lazy\" decoding=\"async\" width=\"1536\" height=\"2048\" src=\"https:\/\/destacado.com.mx\/wp-content\/uploads\/2026\/04\/Enchula-3.jpg\" class=\"upk-img\" alt=\"Ricardo Gallardo lleva obras y servicios a Infonavit-Morales para mejorar calidad de vida\" srcset=\"https:\/\/destacado.com.mx\/wp-content\/uploads\/2026\/04\/Enchula-3.jpg 1536w, https:\/\/destacado.com.mx\/wp-content\/uploads\/2026\/04\/Enchula-3-225x300.jpg 225w, https:\/\/destacado.com.mx\/wp-content\/uploads\/2026\/04\/Enchula-3-768x1024.jpg 768w, https:\/\/destacado.com.mx\/wp-content\/uploads\/2026\/04\/Enchula-3-1152x1536.jpg 1152w\" sizes=\"(max-width: 1536px) 100vw, 1536px\" \/>\t\t\t\t\t<\/div>\n\n\t\t\t\t\t\t\t\t\t\t\t\t\t\t\t\t\t\t\t<div class=\"upk-category\">\n\t\t\t<a href=\"https:\/\/destacado.com.mx\/index.php\/category\/politica\/\" \n\t\t\t\t\t\t\taria-label=\"Category Pol\u00edtica\">Pol\u00edtica<\/a>\t\t<\/div>\n\t\t\t\t\t\t\n\t\t\t\t<\/div>\n\n\t\t\t\t<div class=\"upk-content\">\n\t\t\t\t\t<div class=\"upk-content-inner\">\n\n\t\t\t\t\t\t\t\t\t\t\t\t\t<div class=\"upk-meta\">\n\t\t\t\t\t\t\t\t\t\t\t\t\t\t\t\t\t\t\t\n\t\t\t\t\t\t\t\t\t\n\t\t\t\t\t\t\t\t\t\t\t\t\t\t\t\t\t<div class=\"upk-blog-date\" data-separator=\"-\">\n\t\t\t\t\t\t\t\t\t\t<div class=\"upk-blog-date\">\n\t\t\t\t\t\t\t\t\t\t\t<a class=\"date\" href=\"#\">\n\t\t\t\t\t\t\t\t\t\t\t\t<i class=\"upk-icon-calendar\" aria-hidden=\"true\"><\/i>abril 28, 2026\t\t\t\t\t\t\t\t\t\t\t<\/a>\n\t\t\t\t\t\t\t\t\t\t<\/div>\n\n\t\t\t\t\t\t\t\t\t\t\t\t\t\t\t\t\t\t\t<\/div>\n\t\t\t\t\t\t\t\t\n\t\t\t\t\t\t\t\t\n\t\t\t\t\t\t\t<\/div>\n\t\t\t\t\t\t\n\t\t\t\t\t\t<h3 class=\"upk-title\"><a href=\"https:\/\/destacado.com.mx\/index.php\/2026\/04\/28\/ricardo-gallardo-lleva-obras-y-servicios-a-infonavit-morales-para-mejorar-calidad-de-vida\/\" title=\"Ricardo Gallardo lleva obras y servicios a Infonavit-Morales para mejorar calidad de vida\" class=\"title-animation-underline\" aria-label=\"Ricardo Gallardo lleva obras y servicios a Infonavit-Morales para mejorar calidad de vida\">Ricardo Gallardo lleva obras y servicios a Infonavit-Morales para mejorar calidad de vida<\/a><\/h3>\n\t\t\t\t\t\t\t\t\t\t\t\t\t\t\t\t\t\t\t\t\t\t\t\t<\/div>\n\t\t\t\t<\/div>\n\n\t\t\t<\/div>\n\t\t<\/div>\n\n\n\t\n\t\t\t\t\n\t\t\t\t\t\t\t<div class=\"upk-item\">\n\t\t\t<div class=\"upk-item-box\">\n\t\t\t\t<div class=\"upk-image-wrap\">\n\t\t\t\t\t<div class=\"upk-main-image\">\n\t\t\t\t\t\t<img loading=\"lazy\" decoding=\"async\" width=\"1536\" height=\"1024\" src=\"https:\/\/destacado.com.mx\/wp-content\/uploads\/2026\/04\/Jornada-3-6.png\" class=\"upk-img\" alt=\"Ruth Gonz\u00e1lez fortalece la calidad de vida con obras en Eucaliptos\" srcset=\"https:\/\/destacado.com.mx\/wp-content\/uploads\/2026\/04\/Jornada-3-6.png 1536w, https:\/\/destacado.com.mx\/wp-content\/uploads\/2026\/04\/Jornada-3-6-300x200.png 300w, https:\/\/destacado.com.mx\/wp-content\/uploads\/2026\/04\/Jornada-3-6-1024x683.png 1024w, https:\/\/destacado.com.mx\/wp-content\/uploads\/2026\/04\/Jornada-3-6-768x512.png 768w\" sizes=\"(max-width: 1536px) 100vw, 1536px\" \/>\t\t\t\t\t<\/div>\n\n\t\t\t\t\t\t\t\t\t\t\t\t\t\t\t\t\t\t\t<div class=\"upk-category\">\n\t\t\t<a href=\"https:\/\/destacado.com.mx\/index.php\/category\/politica\/\" \n\t\t\t\t\t\t\taria-label=\"Category Pol\u00edtica\">Pol\u00edtica<\/a>\t\t<\/div>\n\t\t\t\t\t\t\n\t\t\t\t<\/div>\n\n\t\t\t\t<div class=\"upk-content\">\n\t\t\t\t\t<div class=\"upk-content-inner\">\n\n\t\t\t\t\t\t\t\t\t\t\t\t\t<div class=\"upk-meta\">\n\t\t\t\t\t\t\t\t\t\t\t\t\t\t\t\t\t\t\t\n\t\t\t\t\t\t\t\t\t\n\t\t\t\t\t\t\t\t\t\t\t\t\t\t\t\t\t<div class=\"upk-blog-date\" data-separator=\"-\">\n\t\t\t\t\t\t\t\t\t\t<div class=\"upk-blog-date\">\n\t\t\t\t\t\t\t\t\t\t\t<a class=\"date\" href=\"#\">\n\t\t\t\t\t\t\t\t\t\t\t\t<i class=\"upk-icon-calendar\" aria-hidden=\"true\"><\/i>abril 28, 2026\t\t\t\t\t\t\t\t\t\t\t<\/a>\n\t\t\t\t\t\t\t\t\t\t<\/div>\n\n\t\t\t\t\t\t\t\t\t\t\t\t\t\t\t\t\t\t\t<\/div>\n\t\t\t\t\t\t\t\t\n\t\t\t\t\t\t\t\t\n\t\t\t\t\t\t\t<\/div>\n\t\t\t\t\t\t\n\t\t\t\t\t\t<h3 class=\"upk-title\"><a href=\"https:\/\/destacado.com.mx\/index.php\/2026\/04\/28\/ruth-gonzalez-fortalece-la-calidad-de-vida-con-obras-en-eucaliptos\/\" title=\"Ruth Gonz\u00e1lez fortalece la calidad de vida con obras en Eucaliptos\" class=\"title-animation-underline\" aria-label=\"Ruth Gonz\u00e1lez fortalece la calidad de vida con obras en Eucaliptos\">Ruth Gonz\u00e1lez fortalece la calidad de vida con obras en Eucaliptos<\/a><\/h3>\n\t\t\t\t\t\t\t\t\t\t\t\t\t\t\t\t\t\t\t\t\t\t\t\t<\/div>\n\t\t\t\t<\/div>\n\n\t\t\t<\/div>\n\t\t<\/div>\n\n\n\t\n\t\t\t\t\t\t\t<\/div>\n\t\t<\/div>\n\n\t\t\n\t\t\t\t\t\t<\/div>\n\t\t\t\t<\/div>\n\t\t<div class=\"elementor-element elementor-element-a3beb66 e-con-full e-flex e-con e-child\" data-id=\"a3beb66\" data-element_type=\"container\" data-e-type=\"container\">\n\t\t<div class=\"elementor-element elementor-element-40584dd8 e-con-full e-flex e-con e-child\" data-id=\"40584dd8\" data-element_type=\"container\" data-e-type=\"container\" data-settings=\"{&quot;background_background&quot;:&quot;classic&quot;}\">\n\t\t\t\t<div class=\"elementor-element elementor-element-68b1cf28 elementor-widget elementor-widget-heading\" data-id=\"68b1cf28\" data-element_type=\"widget\" data-e-type=\"widget\" data-widget_type=\"heading.default\">\n\t\t\t\t\t<h2 class=\"elementor-heading-title elementor-size-default\">S\u00edganos<\/h2>\t\t\t\t<\/div>\n\t\t\t\t<div class=\"elementor-element elementor-element-3da79dd5 elementor-widget-divider--view-line elementor-widget elementor-widget-divider\" data-id=\"3da79dd5\" data-element_type=\"widget\" data-e-type=\"widget\" data-widget_type=\"divider.default\">\n\t\t\t\t\t\t\t<div class=\"elementor-divider\">\n\t\t\t<span class=\"elementor-divider-separator\">\n\t\t\t\t\t\t<\/span>\n\t\t<\/div>\n\t\t\t\t\t\t<\/div>\n\t\t\t\t<\/div>\n\t\t\t\t<div class=\"elementor-element elementor-element-43f66f95 upk-ss-btns-style-gradient upk-layout-style--grid upk-ss-btns-view-icon-text upk-ss-btns-color-original elementor-widget elementor-widget-upk-social-share\" data-id=\"43f66f95\" data-element_type=\"widget\" data-e-type=\"widget\" data-widget_type=\"upk-social-share.default\">\n\t\t\t\t\t\t\t<div class=\"upk-social-share upk-ep-grid\">\n\t\t\t\t\t\t\t<div class=\"upk-social-share-item upk-ep-grid-item\">\n\t\t\t\t\t<div class=\"upk-ss-btn upk-ss-facebook\" data-social=\"facebook\">\n\t\t\t\t\t\t\t\t\t\t\t\t\t<span class=\"upk-ss-icon\">\n\t\t\t\t\t\t\t\t<i class=\"upk-icon-facebook\"><\/i>\n\t\t\t\t\t\t\t<\/span>\n\t\t\t\t\t\t\t\t\t\t\t\t\t\t\t\t\t\t\t<div class=\"upk-social-share-text upk-inline\">\n\t\t\t\t\t\t\t\t\t\t\t\t\t\t\t\t\t<span class=\"upk-social-share-title\">\n\t\t\t\t\t\t\t\t\t\tFacebook\t\t\t\t\t\t\t\t\t<\/span>\n\t\t\t\t\t\t\t\t\t\t\t\t\t\t\t\t\t\t\t\t\t\t\t<\/div>\n\t\t\t\t\t\t\t\t\t\t\t<\/div>\n\t\t\t\t<\/div>\n\t\t\t\t\t\t\t\t<div class=\"upk-social-share-item upk-ep-grid-item\">\n\t\t\t\t\t<div class=\"upk-ss-btn upk-ss-twitter\" data-social=\"twitter\">\n\t\t\t\t\t\t\t\t\t\t\t\t\t<span class=\"upk-ss-icon\">\n\t\t\t\t\t\t\t\t<i class=\"upk-icon-twitter\"><\/i>\n\t\t\t\t\t\t\t<\/span>\n\t\t\t\t\t\t\t\t\t\t\t\t\t\t\t\t\t\t\t<div class=\"upk-social-share-text upk-inline\">\n\t\t\t\t\t\t\t\t\t\t\t\t\t\t\t\t\t<span class=\"upk-social-share-title\">\n\t\t\t\t\t\t\t\t\t\tTwitter\t\t\t\t\t\t\t\t\t<\/span>\n\t\t\t\t\t\t\t\t\t\t\t\t\t\t\t\t\t\t\t\t\t\t\t<\/div>\n\t\t\t\t\t\t\t\t\t\t\t<\/div>\n\t\t\t\t<\/div>\n\t\t\t\t\t\t\t\t<div class=\"upk-social-share-item upk-ep-grid-item\">\n\t\t\t\t\t<div class=\"upk-ss-btn upk-ss-linkedin\" data-social=\"linkedin\">\n\t\t\t\t\t\t\t\t\t\t\t\t\t<span class=\"upk-ss-icon\">\n\t\t\t\t\t\t\t\t<i class=\"upk-icon-linkedin\"><\/i>\n\t\t\t\t\t\t\t<\/span>\n\t\t\t\t\t\t\t\t\t\t\t\t\t\t\t\t\t\t\t<div class=\"upk-social-share-text upk-inline\">\n\t\t\t\t\t\t\t\t\t\t\t\t\t\t\t\t\t<span class=\"upk-social-share-title\">\n\t\t\t\t\t\t\t\t\t\tLinkedin\t\t\t\t\t\t\t\t\t<\/span>\n\t\t\t\t\t\t\t\t\t\t\t\t\t\t\t\t\t\t\t\t\t\t\t<\/div>\n\t\t\t\t\t\t\t\t\t\t\t<\/div>\n\t\t\t\t<\/div>\n\t\t\t\t\t\t\t\t<div class=\"upk-social-share-item upk-ep-grid-item\">\n\t\t\t\t\t<div class=\"upk-ss-btn upk-ss-reddit\" data-social=\"reddit\">\n\t\t\t\t\t\t\t\t\t\t\t\t\t<span class=\"upk-ss-icon\">\n\t\t\t\t\t\t\t\t<i class=\"upk-icon-reddit\"><\/i>\n\t\t\t\t\t\t\t<\/span>\n\t\t\t\t\t\t\t\t\t\t\t\t\t\t\t\t\t\t\t<div class=\"upk-social-share-text upk-inline\">\n\t\t\t\t\t\t\t\t\t\t\t\t\t\t\t\t\t<span class=\"upk-social-share-title\">\n\t\t\t\t\t\t\t\t\t\tReddit\t\t\t\t\t\t\t\t\t<\/span>\n\t\t\t\t\t\t\t\t\t\t\t\t\t\t\t\t\t\t\t\t\t\t\t<\/div>\n\t\t\t\t\t\t\t\t\t\t\t<\/div>\n\t\t\t\t<\/div>\n\t\t\t\t\t\t<\/div>\n\n\t\t\n\t\t\t\t\t\t<\/div>\n\t\t<div class=\"elementor-element elementor-element-21464cc0 e-con-full e-flex e-con e-child\" data-id=\"21464cc0\" data-element_type=\"container\" data-e-type=\"container\" data-settings=\"{&quot;background_background&quot;:&quot;classic&quot;}\">\n\t\t\t\t<div class=\"elementor-element elementor-element-3918d6ae elementor-widget elementor-widget-heading\" data-id=\"3918d6ae\" data-element_type=\"widget\" data-e-type=\"widget\" data-widget_type=\"heading.default\">\n\t\t\t\t\t<h2 class=\"elementor-heading-title elementor-size-default\">Anuncios<\/h2>\t\t\t\t<\/div>\n\t\t\t\t<div class=\"elementor-element elementor-element-52a1b374 elementor-widget-divider--view-line elementor-widget elementor-widget-divider\" data-id=\"52a1b374\" data-element_type=\"widget\" data-e-type=\"widget\" data-widget_type=\"divider.default\">\n\t\t\t\t\t\t\t<div class=\"elementor-divider\">\n\t\t\t<span class=\"elementor-divider-separator\">\n\t\t\t\t\t\t<\/span>\n\t\t<\/div>\n\t\t\t\t\t\t<\/div>\n\t\t\t\t<\/div>\n\t\t<div class=\"elementor-element elementor-element-43535d36 e-con-full e-flex e-con e-child\" data-id=\"43535d36\" data-element_type=\"container\" data-e-type=\"container\" data-settings=\"{&quot;background_background&quot;:&quot;classic&quot;}\">\n\t\t\t\t<div class=\"elementor-element elementor-element-c1b2a1c elementor-widget elementor-widget-image\" data-id=\"c1b2a1c\" data-element_type=\"widget\" data-e-type=\"widget\" data-widget_type=\"image.default\">\n\t\t\t\t\t\t\t\t\t\t\t\t\t\t\t<img loading=\"lazy\" decoding=\"async\" width=\"700\" height=\"908\" src=\"https:\/\/destacado.com.mx\/wp-content\/uploads\/2026\/03\/mascot.jpg\" class=\"attachment-full size-full wp-image-83\" alt=\"\" srcset=\"https:\/\/destacado.com.mx\/wp-content\/uploads\/2026\/03\/mascot.jpg 700w, https:\/\/destacado.com.mx\/wp-content\/uploads\/2026\/03\/mascot-231x300.jpg 231w\" sizes=\"(max-width: 700px) 100vw, 700px\" \/>\t\t\t\t\t\t\t\t\t\t\t\t\t\t\t<\/div>\n\t\t\t\t<\/div>\n\t\t\t\t<\/div>\n\t\t\t\t\t<\/div>\n\t\t\t\t<\/div>\n\t\t<div class=\"elementor-element elementor-element-b16875d e-flex e-con-boxed e-con e-parent\" data-id=\"b16875d\" data-element_type=\"container\" data-e-type=\"container\">\n\t\t\t\t\t<div class=\"e-con-inner\">\n\t\t\t\t<div class=\"elementor-element elementor-element-4d2f192 upk-item-match-height--yes upk-navigation-type-arrows upk-carousel-style-carousel elementor-widget elementor-widget-upk-buzz-list-carousel\" data-id=\"4d2f192\" data-element_type=\"widget\" data-e-type=\"widget\" data-widget_type=\"upk-buzz-list-carousel.default\">\n\t\t\t\t\t\t\t<div id=\"upk-buzz-list-carousel-4d2f192\" class=\"upk-buzz-list-carousel upk-arrows-align-center\" data-settings=\"{&quot;autoplay&quot;:{&quot;delay&quot;:5000},&quot;loop&quot;:true,&quot;speed&quot;:500,&quot;slidesPerView&quot;:1,&quot;slidesPerGroup&quot;:1,&quot;effect&quot;:&quot;carousel&quot;,&quot;direction&quot;:&quot;horizontal&quot;,&quot;watchSlidesVisibility&quot;:true,&quot;watchSlidesProgress&quot;:true,&quot;breakpoints&quot;:{&quot;767&quot;:{&quot;slidesPerView&quot;:2,&quot;spaceBetween&quot;:0,&quot;slidesPerGroup&quot;:1},&quot;1023&quot;:{&quot;slidesPerView&quot;:3,&quot;spaceBetween&quot;:0,&quot;slidesPerGroup&quot;:1}},&quot;navigation&quot;:{&quot;nextEl&quot;:&quot;#upk-buzz-list-carousel-4d2f192 .upk-navigation-next&quot;,&quot;prevEl&quot;:&quot;#upk-buzz-list-carousel-4d2f192 .upk-navigation-prev&quot;},&quot;pagination&quot;:{&quot;el&quot;:&quot;#upk-buzz-list-carousel-4d2f192 .swiper-pagination&quot;,&quot;type&quot;:&quot;&quot;,&quot;clickable&quot;:&quot;true&quot;,&quot;dynamicBullets&quot;:false},&quot;scrollbar&quot;:{&quot;el&quot;:&quot;#upk-buzz-list-carousel-4d2f192 .swiper-scrollbar&quot;,&quot;hide&quot;:&quot;true&quot;},&quot;coverflowEffect&quot;:{&quot;rotate&quot;:50,&quot;stretch&quot;:0,&quot;depth&quot;:100,&quot;modifier&quot;:1,&quot;slideShadows&quot;:true}}\">\n\t\t\t<div class=\"upk-buzz-wrapper\">\n\t\t\t\t<div class=\"swiper-carousel swiper\">\n\t\t\t\t\t<div class=\"swiper-wrapper\">\n\t\t\t\t\t\t\t\t\t\t\t<div class=\"upk-item swiper-slide upk-flex upk-flex-middle\">\n\t\t\t\t\t\t\t<div class=\"upk-img-wrap\">\n\t\t\t\t\t\t\t\t<img loading=\"lazy\" decoding=\"async\" width=\"300\" height=\"194\" src=\"https:\/\/destacado.com.mx\/wp-content\/uploads\/2026\/05\/Galindo-3-300x194.webp\" class=\"upk-img\" alt=\"Enrique Galindo minimiza crisis de agua mientras crece el enojo ciudadano\" srcset=\"https:\/\/destacado.com.mx\/wp-content\/uploads\/2026\/05\/Galindo-3-300x194.webp 300w, https:\/\/destacado.com.mx\/wp-content\/uploads\/2026\/05\/Galindo-3.webp 696w\" sizes=\"(max-width: 300px) 100vw, 300px\" \/>\t\t\t\t\t\t\t<\/div>\n\t\t\t\t\t\t\t<div class=\"upk-content\">\n\t\t\t\t\t\t\t\t<div class=\"upk-count\"> 1<\/div>\n\t\t\t\t\t\t\t\t<div class=\"upk-inner\">\n\t\t\t\t\t\t\t\t\t\t\t<div class=\"upk-category\">\n\t\t\t<a href=\"https:\/\/destacado.com.mx\/index.php\/category\/politica\/\" \n\t\t\t\t\t\t\taria-label=\"Category Pol\u00edtica\">Pol\u00edtica<\/a>\t\t<\/div>\n\t\t\t\t\t\t\t\t\t\t<h3 class=\"upk-title\"><a href=\"https:\/\/destacado.com.mx\/index.php\/2026\/04\/30\/enrique-galindo-minimiza-crisis-de-agua-mientras-crece-el-enojo-ciudadano\/\" title=\"Enrique Galindo minimiza crisis de agua mientras crece el enojo ciudadano\" class=\"title-animation-underline\" aria-label=\"Enrique Galindo minimiza crisis de agua mientras crece el enojo ciudadano\">Enrique Galindo minimiza crisis de agua mientras crece el enojo ciudadano<\/a><\/h3>\t\t\t\t\t\t\t\t\t\t\t\t\t\t\t\t\t\t\t<div class=\"upk-meta upk-flex upk-flex-middle\">\n\t\t\t\t\t\t\t\t\t\t\t\t\t\t\t\t\t\t\t\t\t\t\t\t\t<div class=\"upk-author-wrap\">\n\t\t\t<span class=\"upk-by\">by<\/span>\n\t\t\t<a class=\"upk-author-name\" href=\"https:\/\/destacado.com.mx\/index.php\/author\/admin\/\">\n\t\t\t\tadmin\t\t\t<\/a>\n\t\t<\/div>\n\t\t\t\t\t\t\t\t\t\t\t\t\n\t\t\t\t\t\t\t\t\t\t\t\t\t\t\t\t\t\t\t\t\t\t<div data-separator=\"\/\/\">\n\t\t\t\t\t\t\t\t\t\t\t\t\t\t<div class=\"upk-date\">\n\t\t\tabril 30, 2026\t\t<\/div>\n\n\t\t\t\t\t\t\t\t\t\t\t\t\t\t<\/div>\n\t\t\t\t\t\t\t\t\t\t\t\n\t\t\t\t\t\t\t\t\t\t\t\n\t\t\t\t\t\t\t\t\t\t\t\n\t\t\t\t\t\t\t\t\t\t<\/div>\n\t\t\t\t\t\t\t\t\t\t\t\t\t\t\t\t\t<\/div>\n\t\t\t\t\t\t\t<\/div>\n\t\t\t\t\t\t<\/div>\n\t\t\t\t\t\t\t\t\t\t<div class=\"upk-item swiper-slide upk-flex upk-flex-middle\">\n\t\t\t\t\t\t\t<div class=\"upk-img-wrap\">\n\t\t\t\t\t\t\t\t<img loading=\"lazy\" decoding=\"async\" width=\"300\" height=\"169\" src=\"https:\/\/destacado.com.mx\/wp-content\/uploads\/2026\/05\/Ricardo-1-300x169.jpg\" class=\"upk-img\" alt=\"Ricardo Gallardo lleva infraestructura de calidad a Matehuala con nueva etapa vial\" srcset=\"https:\/\/destacado.com.mx\/wp-content\/uploads\/2026\/05\/Ricardo-1-300x169.jpg 300w, https:\/\/destacado.com.mx\/wp-content\/uploads\/2026\/05\/Ricardo-1-1024x576.jpg 1024w, https:\/\/destacado.com.mx\/wp-content\/uploads\/2026\/05\/Ricardo-1-768x432.jpg 768w, https:\/\/destacado.com.mx\/wp-content\/uploads\/2026\/05\/Ricardo-1-1536x864.jpg 1536w, https:\/\/destacado.com.mx\/wp-content\/uploads\/2026\/05\/Ricardo-1.jpg 2048w\" sizes=\"(max-width: 300px) 100vw, 300px\" \/>\t\t\t\t\t\t\t<\/div>\n\t\t\t\t\t\t\t<div class=\"upk-content\">\n\t\t\t\t\t\t\t\t<div class=\"upk-count\"> 2<\/div>\n\t\t\t\t\t\t\t\t<div class=\"upk-inner\">\n\t\t\t\t\t\t\t\t\t\t\t<div class=\"upk-category\">\n\t\t\t<a href=\"https:\/\/destacado.com.mx\/index.php\/category\/politica\/\" \n\t\t\t\t\t\t\taria-label=\"Category Pol\u00edtica\">Pol\u00edtica<\/a>\t\t<\/div>\n\t\t\t\t\t\t\t\t\t\t<h3 class=\"upk-title\"><a href=\"https:\/\/destacado.com.mx\/index.php\/2026\/04\/30\/ricardo-gallardo-lleva-infraestructura-de-calidad-a-matehuala-con-nueva-etapa-vial\/\" title=\"Ricardo Gallardo lleva infraestructura de calidad a Matehuala con nueva etapa vial\" class=\"title-animation-underline\" aria-label=\"Ricardo Gallardo lleva infraestructura de calidad a Matehuala con nueva etapa vial\">Ricardo Gallardo lleva infraestructura de calidad a Matehuala con nueva etapa vial<\/a><\/h3>\t\t\t\t\t\t\t\t\t\t\t\t\t\t\t\t\t\t\t<div class=\"upk-meta upk-flex upk-flex-middle\">\n\t\t\t\t\t\t\t\t\t\t\t\t\t\t\t\t\t\t\t\t\t\t\t\t\t<div class=\"upk-author-wrap\">\n\t\t\t<span class=\"upk-by\">by<\/span>\n\t\t\t<a class=\"upk-author-name\" href=\"https:\/\/destacado.com.mx\/index.php\/author\/admin\/\">\n\t\t\t\tadmin\t\t\t<\/a>\n\t\t<\/div>\n\t\t\t\t\t\t\t\t\t\t\t\t\n\t\t\t\t\t\t\t\t\t\t\t\t\t\t\t\t\t\t\t\t\t\t<div data-separator=\"\/\/\">\n\t\t\t\t\t\t\t\t\t\t\t\t\t\t<div class=\"upk-date\">\n\t\t\tabril 30, 2026\t\t<\/div>\n\n\t\t\t\t\t\t\t\t\t\t\t\t\t\t<\/div>\n\t\t\t\t\t\t\t\t\t\t\t\n\t\t\t\t\t\t\t\t\t\t\t\n\t\t\t\t\t\t\t\t\t\t\t\n\t\t\t\t\t\t\t\t\t\t<\/div>\n\t\t\t\t\t\t\t\t\t\t\t\t\t\t\t\t\t<\/div>\n\t\t\t\t\t\t\t<\/div>\n\t\t\t\t\t\t<\/div>\n\t\t\t\t\t\t\t\t\t\t<div class=\"upk-item swiper-slide upk-flex upk-flex-middle\">\n\t\t\t\t\t\t\t<div class=\"upk-img-wrap\">\n\t\t\t\t\t\t\t\t<img loading=\"lazy\" decoding=\"async\" width=\"300\" height=\"200\" src=\"https:\/\/destacado.com.mx\/wp-content\/uploads\/2026\/05\/Ruth-3-300x200.jpg\" class=\"upk-img\" alt=\"Ruth Gonz\u00e1lez destaca importancia de la m\u00fasica en formaci\u00f3n de ni\u00f1as y j\u00f3venes\" srcset=\"https:\/\/destacado.com.mx\/wp-content\/uploads\/2026\/05\/Ruth-3-300x200.jpg 300w, https:\/\/destacado.com.mx\/wp-content\/uploads\/2026\/05\/Ruth-3-1024x684.jpg 1024w, https:\/\/destacado.com.mx\/wp-content\/uploads\/2026\/05\/Ruth-3-768x513.jpg 768w, https:\/\/destacado.com.mx\/wp-content\/uploads\/2026\/05\/Ruth-3-1536x1026.jpg 1536w, https:\/\/destacado.com.mx\/wp-content\/uploads\/2026\/05\/Ruth-3.jpg 2048w\" sizes=\"(max-width: 300px) 100vw, 300px\" \/>\t\t\t\t\t\t\t<\/div>\n\t\t\t\t\t\t\t<div class=\"upk-content\">\n\t\t\t\t\t\t\t\t<div class=\"upk-count\"> 3<\/div>\n\t\t\t\t\t\t\t\t<div class=\"upk-inner\">\n\t\t\t\t\t\t\t\t\t\t\t<div class=\"upk-category\">\n\t\t\t<a href=\"https:\/\/destacado.com.mx\/index.php\/category\/politica\/\" \n\t\t\t\t\t\t\taria-label=\"Category Pol\u00edtica\">Pol\u00edtica<\/a>\t\t<\/div>\n\t\t\t\t\t\t\t\t\t\t<h3 class=\"upk-title\"><a href=\"https:\/\/destacado.com.mx\/index.php\/2026\/04\/30\/ruth-gonzalez-destaca-importancia-de-la-musica-en-formacion-de-ninas-y-jovenes\/\" title=\"Ruth Gonz\u00e1lez destaca importancia de la m\u00fasica en formaci\u00f3n de ni\u00f1as y j\u00f3venes\" class=\"title-animation-underline\" aria-label=\"Ruth Gonz\u00e1lez destaca importancia de la m\u00fasica en formaci\u00f3n de ni\u00f1as y j\u00f3venes\">Ruth Gonz\u00e1lez destaca importancia de la m\u00fasica en formaci\u00f3n de ni\u00f1as y j\u00f3venes<\/a><\/h3>\t\t\t\t\t\t\t\t\t\t\t\t\t\t\t\t\t\t\t<div class=\"upk-meta upk-flex upk-flex-middle\">\n\t\t\t\t\t\t\t\t\t\t\t\t\t\t\t\t\t\t\t\t\t\t\t\t\t<div class=\"upk-author-wrap\">\n\t\t\t<span class=\"upk-by\">by<\/span>\n\t\t\t<a class=\"upk-author-name\" href=\"https:\/\/destacado.com.mx\/index.php\/author\/admin\/\">\n\t\t\t\tadmin\t\t\t<\/a>\n\t\t<\/div>\n\t\t\t\t\t\t\t\t\t\t\t\t\n\t\t\t\t\t\t\t\t\t\t\t\t\t\t\t\t\t\t\t\t\t\t<div data-separator=\"\/\/\">\n\t\t\t\t\t\t\t\t\t\t\t\t\t\t<div class=\"upk-date\">\n\t\t\tabril 30, 2026\t\t<\/div>\n\n\t\t\t\t\t\t\t\t\t\t\t\t\t\t<\/div>\n\t\t\t\t\t\t\t\t\t\t\t\n\t\t\t\t\t\t\t\t\t\t\t\n\t\t\t\t\t\t\t\t\t\t\t\n\t\t\t\t\t\t\t\t\t\t<\/div>\n\t\t\t\t\t\t\t\t\t\t\t\t\t\t\t\t\t<\/div>\n\t\t\t\t\t\t\t<\/div>\n\t\t\t\t\t\t<\/div>\n\t\t\t\t\t\t\t\t\t\t<div class=\"upk-item swiper-slide upk-flex upk-flex-middle\">\n\t\t\t\t\t\t\t<div class=\"upk-img-wrap\">\n\t\t\t\t\t\t\t\t<img loading=\"lazy\" decoding=\"async\" width=\"300\" height=\"225\" src=\"https:\/\/destacado.com.mx\/wp-content\/uploads\/2026\/04\/Galindo-3-1-300x225.png\" class=\"upk-img\" alt=\"Enrique Galindo bajo presi\u00f3n por inconformidad social y falta de servicios b\u00e1sicos\" srcset=\"https:\/\/destacado.com.mx\/wp-content\/uploads\/2026\/04\/Galindo-3-1-300x225.png 300w, https:\/\/destacado.com.mx\/wp-content\/uploads\/2026\/04\/Galindo-3-1-1024x768.png 1024w, https:\/\/destacado.com.mx\/wp-content\/uploads\/2026\/04\/Galindo-3-1-768x576.png 768w, https:\/\/destacado.com.mx\/wp-content\/uploads\/2026\/04\/Galindo-3-1.png 1448w\" sizes=\"(max-width: 300px) 100vw, 300px\" \/>\t\t\t\t\t\t\t<\/div>\n\t\t\t\t\t\t\t<div class=\"upk-content\">\n\t\t\t\t\t\t\t\t<div class=\"upk-count\"> 4<\/div>\n\t\t\t\t\t\t\t\t<div class=\"upk-inner\">\n\t\t\t\t\t\t\t\t\t\t\t<div class=\"upk-category\">\n\t\t\t<a href=\"https:\/\/destacado.com.mx\/index.php\/category\/politica\/\" \n\t\t\t\t\t\t\taria-label=\"Category Pol\u00edtica\">Pol\u00edtica<\/a>\t\t<\/div>\n\t\t\t\t\t\t\t\t\t\t<h3 class=\"upk-title\"><a href=\"https:\/\/destacado.com.mx\/index.php\/2026\/04\/28\/enrique-galindo-bajo-presion-por-inconformidad-social-y-falta-de-servicios-basicos\/\" title=\"Enrique Galindo bajo presi\u00f3n por inconformidad social y falta de servicios b\u00e1sicos\" class=\"title-animation-underline\" aria-label=\"Enrique Galindo bajo presi\u00f3n por inconformidad social y falta de servicios b\u00e1sicos\">Enrique Galindo bajo presi\u00f3n por inconformidad social y falta de servicios b\u00e1sicos<\/a><\/h3>\t\t\t\t\t\t\t\t\t\t\t\t\t\t\t\t\t\t\t<div class=\"upk-meta upk-flex upk-flex-middle\">\n\t\t\t\t\t\t\t\t\t\t\t\t\t\t\t\t\t\t\t\t\t\t\t\t\t<div class=\"upk-author-wrap\">\n\t\t\t<span class=\"upk-by\">by<\/span>\n\t\t\t<a class=\"upk-author-name\" href=\"https:\/\/destacado.com.mx\/index.php\/author\/admin\/\">\n\t\t\t\tadmin\t\t\t<\/a>\n\t\t<\/div>\n\t\t\t\t\t\t\t\t\t\t\t\t\n\t\t\t\t\t\t\t\t\t\t\t\t\t\t\t\t\t\t\t\t\t\t<div data-separator=\"\/\/\">\n\t\t\t\t\t\t\t\t\t\t\t\t\t\t<div class=\"upk-date\">\n\t\t\tabril 28, 2026\t\t<\/div>\n\n\t\t\t\t\t\t\t\t\t\t\t\t\t\t<\/div>\n\t\t\t\t\t\t\t\t\t\t\t\n\t\t\t\t\t\t\t\t\t\t\t\n\t\t\t\t\t\t\t\t\t\t\t\n\t\t\t\t\t\t\t\t\t\t<\/div>\n\t\t\t\t\t\t\t\t\t\t\t\t\t\t\t\t\t<\/div>\n\t\t\t\t\t\t\t<\/div>\n\t\t\t\t\t\t<\/div>\n\t\t\t\t\t\t\t\t\t\t<div class=\"upk-item swiper-slide upk-flex upk-flex-middle\">\n\t\t\t\t\t\t\t<div class=\"upk-img-wrap\">\n\t\t\t\t\t\t\t\t<img loading=\"lazy\" decoding=\"async\" width=\"225\" height=\"300\" src=\"https:\/\/destacado.com.mx\/wp-content\/uploads\/2026\/04\/Enchula-3-225x300.jpg\" class=\"upk-img\" alt=\"Ricardo Gallardo lleva obras y servicios a Infonavit-Morales para mejorar calidad de vida\" srcset=\"https:\/\/destacado.com.mx\/wp-content\/uploads\/2026\/04\/Enchula-3-225x300.jpg 225w, https:\/\/destacado.com.mx\/wp-content\/uploads\/2026\/04\/Enchula-3-768x1024.jpg 768w, https:\/\/destacado.com.mx\/wp-content\/uploads\/2026\/04\/Enchula-3-1152x1536.jpg 1152w, https:\/\/destacado.com.mx\/wp-content\/uploads\/2026\/04\/Enchula-3.jpg 1536w\" sizes=\"(max-width: 225px) 100vw, 225px\" \/>\t\t\t\t\t\t\t<\/div>\n\t\t\t\t\t\t\t<div class=\"upk-content\">\n\t\t\t\t\t\t\t\t<div class=\"upk-count\"> 5<\/div>\n\t\t\t\t\t\t\t\t<div class=\"upk-inner\">\n\t\t\t\t\t\t\t\t\t\t\t<div class=\"upk-category\">\n\t\t\t<a href=\"https:\/\/destacado.com.mx\/index.php\/category\/politica\/\" \n\t\t\t\t\t\t\taria-label=\"Category Pol\u00edtica\">Pol\u00edtica<\/a>\t\t<\/div>\n\t\t\t\t\t\t\t\t\t\t<h3 class=\"upk-title\"><a href=\"https:\/\/destacado.com.mx\/index.php\/2026\/04\/28\/ricardo-gallardo-lleva-obras-y-servicios-a-infonavit-morales-para-mejorar-calidad-de-vida\/\" title=\"Ricardo Gallardo lleva obras y servicios a Infonavit-Morales para mejorar calidad de vida\" class=\"title-animation-underline\" aria-label=\"Ricardo Gallardo lleva obras y servicios a Infonavit-Morales para mejorar calidad de vida\">Ricardo Gallardo lleva obras y servicios a Infonavit-Morales para mejorar calidad de vida<\/a><\/h3>\t\t\t\t\t\t\t\t\t\t\t\t\t\t\t\t\t\t\t<div class=\"upk-meta upk-flex upk-flex-middle\">\n\t\t\t\t\t\t\t\t\t\t\t\t\t\t\t\t\t\t\t\t\t\t\t\t\t<div class=\"upk-author-wrap\">\n\t\t\t<span class=\"upk-by\">by<\/span>\n\t\t\t<a class=\"upk-author-name\" href=\"https:\/\/destacado.com.mx\/index.php\/author\/admin\/\">\n\t\t\t\tadmin\t\t\t<\/a>\n\t\t<\/div>\n\t\t\t\t\t\t\t\t\t\t\t\t\n\t\t\t\t\t\t\t\t\t\t\t\t\t\t\t\t\t\t\t\t\t\t<div data-separator=\"\/\/\">\n\t\t\t\t\t\t\t\t\t\t\t\t\t\t<div class=\"upk-date\">\n\t\t\tabril 28, 2026\t\t<\/div>\n\n\t\t\t\t\t\t\t\t\t\t\t\t\t\t<\/div>\n\t\t\t\t\t\t\t\t\t\t\t\n\t\t\t\t\t\t\t\t\t\t\t\n\t\t\t\t\t\t\t\t\t\t\t\n\t\t\t\t\t\t\t\t\t\t<\/div>\n\t\t\t\t\t\t\t\t\t\t\t\t\t\t\t\t\t<\/div>\n\t\t\t\t\t\t\t<\/div>\n\t\t\t\t\t\t<\/div>\n\t\t\t\t\t\t\t\t\t\t<div class=\"upk-item swiper-slide upk-flex upk-flex-middle\">\n\t\t\t\t\t\t\t<div class=\"upk-img-wrap\">\n\t\t\t\t\t\t\t\t<img loading=\"lazy\" decoding=\"async\" width=\"300\" height=\"200\" src=\"https:\/\/destacado.com.mx\/wp-content\/uploads\/2026\/04\/Jornada-3-6-300x200.png\" class=\"upk-img\" alt=\"Ruth Gonz\u00e1lez fortalece la calidad de vida con obras en Eucaliptos\" srcset=\"https:\/\/destacado.com.mx\/wp-content\/uploads\/2026\/04\/Jornada-3-6-300x200.png 300w, https:\/\/destacado.com.mx\/wp-content\/uploads\/2026\/04\/Jornada-3-6-1024x683.png 1024w, https:\/\/destacado.com.mx\/wp-content\/uploads\/2026\/04\/Jornada-3-6-768x512.png 768w, https:\/\/destacado.com.mx\/wp-content\/uploads\/2026\/04\/Jornada-3-6.png 1536w\" sizes=\"(max-width: 300px) 100vw, 300px\" \/>\t\t\t\t\t\t\t<\/div>\n\t\t\t\t\t\t\t<div class=\"upk-content\">\n\t\t\t\t\t\t\t\t<div class=\"upk-count\"> 6<\/div>\n\t\t\t\t\t\t\t\t<div class=\"upk-inner\">\n\t\t\t\t\t\t\t\t\t\t\t<div class=\"upk-category\">\n\t\t\t<a href=\"https:\/\/destacado.com.mx\/index.php\/category\/politica\/\" \n\t\t\t\t\t\t\taria-label=\"Category Pol\u00edtica\">Pol\u00edtica<\/a>\t\t<\/div>\n\t\t\t\t\t\t\t\t\t\t<h3 class=\"upk-title\"><a href=\"https:\/\/destacado.com.mx\/index.php\/2026\/04\/28\/ruth-gonzalez-fortalece-la-calidad-de-vida-con-obras-en-eucaliptos\/\" title=\"Ruth Gonz\u00e1lez fortalece la calidad de vida con obras en Eucaliptos\" class=\"title-animation-underline\" aria-label=\"Ruth Gonz\u00e1lez fortalece la calidad de vida con obras en Eucaliptos\">Ruth Gonz\u00e1lez fortalece la calidad de vida con obras en Eucaliptos<\/a><\/h3>\t\t\t\t\t\t\t\t\t\t\t\t\t\t\t\t\t\t\t<div class=\"upk-meta upk-flex upk-flex-middle\">\n\t\t\t\t\t\t\t\t\t\t\t\t\t\t\t\t\t\t\t\t\t\t\t\t\t<div class=\"upk-author-wrap\">\n\t\t\t<span class=\"upk-by\">by<\/span>\n\t\t\t<a class=\"upk-author-name\" href=\"https:\/\/destacado.com.mx\/index.php\/author\/admin\/\">\n\t\t\t\tadmin\t\t\t<\/a>\n\t\t<\/div>\n\t\t\t\t\t\t\t\t\t\t\t\t\n\t\t\t\t\t\t\t\t\t\t\t\t\t\t\t\t\t\t\t\t\t\t<div data-separator=\"\/\/\">\n\t\t\t\t\t\t\t\t\t\t\t\t\t\t<div class=\"upk-date\">\n\t\t\tabril 28, 2026\t\t<\/div>\n\n\t\t\t\t\t\t\t\t\t\t\t\t\t\t<\/div>\n\t\t\t\t\t\t\t\t\t\t\t\n\t\t\t\t\t\t\t\t\t\t\t\n\t\t\t\t\t\t\t\t\t\t\t\n\t\t\t\t\t\t\t\t\t\t<\/div>\n\t\t\t\t\t\t\t\t\t\t\t\t\t\t\t\t\t<\/div>\n\t\t\t\t\t\t\t<\/div>\n\t\t\t\t\t\t<\/div>\n\t\t\t\t\t\t<\/div>\n\t\t\t\t<\/div>\n\t\t\n\t\t\t\t\t\t\t\t\t\t\t<div class=\"upk-position-z-index upk-position-center upk-visible@m\">\n\t\t\t\t<div class=\"upk-arrows-container upk-slidenav-container\">\n\t\t\t\t\t<div class=\"upk-navigation-prev\">\n\t\t\t\t\t\t<i class=\"upk-icon-arrow-left-0\" aria-hidden=\"true\"><\/i>\n\t\t\t\t\t<\/div>\n\t\t\t\t\t<div class=\"upk-navigation-next\">\n\t\t\t\t\t\t<i class=\"upk-icon-arrow-right-0\" aria-hidden=\"true\"><\/i>\n\t\t\t\t\t<\/div>\n\t\t\t\t<\/div>\n\t\t\t<\/div>\n\t\t\t\t\n\t\t<\/div>\n\t\t<\/div>\n\t\t\t\t\t\t<\/div>\n\t\t\t\t\t<\/div>\n\t\t\t\t<\/div>\n\t\t<div class=\"elementor-element elementor-element-ec20b66 e-flex e-con-boxed e-con e-parent\" data-id=\"ec20b66\" data-element_type=\"container\" data-e-type=\"container\" data-settings=\"{&quot;background_background&quot;:&quot;classic&quot;}\">\n\t\t\t\t\t<div class=\"e-con-inner\">\n\t\t<div class=\"elementor-element elementor-element-d9cd973 e-con-full e-flex e-con e-child\" data-id=\"d9cd973\" data-element_type=\"container\" data-e-type=\"container\">\n\t\t<div class=\"elementor-element elementor-element-f040846 e-con-full e-flex e-con e-child\" data-id=\"f040846\" data-element_type=\"container\" data-e-type=\"container\" data-settings=\"{&quot;background_background&quot;:&quot;classic&quot;}\">\n\t\t\t\t<div class=\"elementor-element elementor-element-8894494 elementor-widget elementor-widget-heading\" data-id=\"8894494\" data-element_type=\"widget\" data-e-type=\"widget\" data-widget_type=\"heading.default\">\n\t\t\t\t\t<h2 class=\"elementor-heading-title elementor-size-default\">M\u00e1s noticias<\/h2>\t\t\t\t<\/div>\n\t\t\t\t<div class=\"elementor-element elementor-element-646f096 elementor-widget-divider--view-line elementor-widget elementor-widget-divider\" data-id=\"646f096\" data-element_type=\"widget\" data-e-type=\"widget\" data-widget_type=\"divider.default\">\n\t\t\t\t\t\t\t<div class=\"elementor-divider\">\n\t\t\t<span class=\"elementor-divider-separator\">\n\t\t\t\t\t\t<\/span>\n\t\t<\/div>\n\t\t\t\t\t\t<\/div>\n\t\t\t\t<\/div>\n\t\t<div class=\"elementor-element elementor-element-7946f5b e-con-full e-flex e-con e-child\" data-id=\"7946f5b\" data-element_type=\"container\" data-e-type=\"container\" data-settings=\"{&quot;background_background&quot;:&quot;classic&quot;}\">\n\t\t\t\t<div class=\"elementor-element elementor-element-6753f2e elementor-widget elementor-widget-upk-fanel-list\" data-id=\"6753f2e\" data-element_type=\"widget\" data-e-type=\"widget\" data-widget_type=\"upk-fanel-list.default\">\n\t\t\t\t\t\t\t<div class=\"upk-fanel-list-container upk-ajax-grid\" data-loadmore=\"[]\">\n\t\t\t<div class=\"upk-fanel-list upk-ajax-grid-wrap\">\n\t\t\t\t\n\t\t\t\t\t\t\t<div class=\"upk-item\">\n\t\t\t<div class=\"upk-item-box\">\n\t\t\t\t<div class=\"upk-image-wrap\">\n\n\t\t\t\t\t<img loading=\"lazy\" decoding=\"async\" width=\"696\" height=\"450\" src=\"https:\/\/destacado.com.mx\/wp-content\/uploads\/2026\/05\/Galindo-3.webp\" class=\"upk-img\" alt=\"Enrique Galindo minimiza crisis de agua mientras crece el enojo ciudadano\" srcset=\"https:\/\/destacado.com.mx\/wp-content\/uploads\/2026\/05\/Galindo-3.webp 696w, https:\/\/destacado.com.mx\/wp-content\/uploads\/2026\/05\/Galindo-3-300x194.webp 300w\" sizes=\"(max-width: 696px) 100vw, 696px\" \/>\n\t\t\t\t\t\t\t\t\t\t\t<div class=\"upk-fanel-date-wrap\">\n\t\t\t\t\t\t\t<span class=\"upk-fanel-date\">30<\/span>\n\t\t\t\t\t\t\t<span class=\"upk-fanel-month\">Abr<\/span>\n\t\t\t\t\t\t<\/div>\n\t\t\t\t\t\n\t\t\t\t<\/div>\n\n\t\t\t\t<div class=\"upk-content upk-readmore--yes\">\n\t\t\t\t\t\t\t<div class=\"upk-category\">\n\t\t\t<a href=\"https:\/\/destacado.com.mx\/index.php\/category\/politica\/\" \n\t\t\t\t\t\t\taria-label=\"Category Pol\u00edtica\">Pol\u00edtica<\/a>\t\t<\/div>\n\t\n\t\t\t\t\t<h3 class=\"upk-title\"><a href=\"https:\/\/destacado.com.mx\/index.php\/2026\/04\/30\/enrique-galindo-minimiza-crisis-de-agua-mientras-crece-el-enojo-ciudadano\/\" title=\"Enrique Galindo minimiza crisis de agua mientras crece el enojo ciudadano\" class=\"title-animation-underline\" aria-label=\"Enrique Galindo minimiza crisis de agua mientras crece el enojo ciudadano\">Enrique Galindo minimiza crisis de agua mientras crece el enojo ciudadano<\/a><\/h3>\n\t\t\t\t\t\t\t<div class=\"upk-text\">\n\t\t\t<p>La postura del alcalde Enrique Galindo Ceballos frente al desabasto de agua ha generado cuestionamientos, al insistir en que se<\/p>\n\t\t<\/div>\n\t\t\n\t\t\t\t\t\t\t\t\t\t\t<div class=\"upk-fanel-meta\">\n\t\t\t\t\t\t\t\t\t\t\t\t\t\t\t\t\t<div class=\"upk-author-name-wrap\">\n\t\t\t<span class=\"upk-by\">by<\/span>\n\t\t\t<a class=\"upk-author-name\" href=\"https:\/\/destacado.com.mx\/index.php\/author\/admin\/\">\n\t\t\t\tadmin\t\t\t<\/a>\n\t\t<\/div>\n\t\t\t\t\t\t\t\t\t\t\t\t\t\t\t\t\t\t\t\t\t\t\t<div data-separator=\"\/\/\">\n\t\t\t\t\t\t\t\t\n\t\t<div class=\"upk-fanel-comments\">\n\t\t\t0\t\t\tComments\t\t<\/div>\n\n\t\t\t\t\t\t\t\t\t<\/div>\n\t\t\t\t\t\t\t\n\t\t\t\t\t\t\t\t\t\t\t\t\t<\/div>\n\t\t\t\t\t\n\t\t\t\t<\/div>\n\t\t\t\t\t\t\t\t\t<a class=\"upk-fanel-read-more\" href=\"https:\/\/destacado.com.mx\/index.php\/2026\/04\/30\/enrique-galindo-minimiza-crisis-de-agua-mientras-crece-el-enojo-ciudadano\/\">\n\t\t\t\t\t\t<i class=\"upk-icon-arrow-right-7\" aria-hidden=\"true\"><\/i>\n\t\t\t\t\t<\/a>\n\t\t\t\t\t\t\t<\/div>\n\t\t<\/div>\n\n\t\n\t\t\t\t\n\t\t\t\t\t\t\t<div class=\"upk-item\">\n\t\t\t<div class=\"upk-item-box\">\n\t\t\t\t<div class=\"upk-image-wrap\">\n\n\t\t\t\t\t<img loading=\"lazy\" decoding=\"async\" width=\"2048\" height=\"1152\" src=\"https:\/\/destacado.com.mx\/wp-content\/uploads\/2026\/05\/Ricardo-1.jpg\" class=\"upk-img\" alt=\"Ricardo Gallardo lleva infraestructura de calidad a Matehuala con nueva etapa vial\" srcset=\"https:\/\/destacado.com.mx\/wp-content\/uploads\/2026\/05\/Ricardo-1.jpg 2048w, https:\/\/destacado.com.mx\/wp-content\/uploads\/2026\/05\/Ricardo-1-300x169.jpg 300w, https:\/\/destacado.com.mx\/wp-content\/uploads\/2026\/05\/Ricardo-1-1024x576.jpg 1024w, https:\/\/destacado.com.mx\/wp-content\/uploads\/2026\/05\/Ricardo-1-768x432.jpg 768w, https:\/\/destacado.com.mx\/wp-content\/uploads\/2026\/05\/Ricardo-1-1536x864.jpg 1536w\" sizes=\"(max-width: 2048px) 100vw, 2048px\" \/>\n\t\t\t\t\t\t\t\t\t\t\t<div class=\"upk-fanel-date-wrap\">\n\t\t\t\t\t\t\t<span class=\"upk-fanel-date\">30<\/span>\n\t\t\t\t\t\t\t<span class=\"upk-fanel-month\">Abr<\/span>\n\t\t\t\t\t\t<\/div>\n\t\t\t\t\t\n\t\t\t\t<\/div>\n\n\t\t\t\t<div class=\"upk-content upk-readmore--yes\">\n\t\t\t\t\t\t\t<div class=\"upk-category\">\n\t\t\t<a href=\"https:\/\/destacado.com.mx\/index.php\/category\/politica\/\" \n\t\t\t\t\t\t\taria-label=\"Category Pol\u00edtica\">Pol\u00edtica<\/a>\t\t<\/div>\n\t\n\t\t\t\t\t<h3 class=\"upk-title\"><a href=\"https:\/\/destacado.com.mx\/index.php\/2026\/04\/30\/ricardo-gallardo-lleva-infraestructura-de-calidad-a-matehuala-con-nueva-etapa-vial\/\" title=\"Ricardo Gallardo lleva infraestructura de calidad a Matehuala con nueva etapa vial\" class=\"title-animation-underline\" aria-label=\"Ricardo Gallardo lleva infraestructura de calidad a Matehuala con nueva etapa vial\">Ricardo Gallardo lleva infraestructura de calidad a Matehuala con nueva etapa vial<\/a><\/h3>\n\t\t\t\t\t\t\t<div class=\"upk-text\">\n\t\t\t<p>El desarrollo urbano en Matehuala avanza con la segunda etapa de la avenida de Las Torres, impulsada por el gobernador<\/p>\n\t\t<\/div>\n\t\t\n\t\t\t\t\t\t\t\t\t\t\t<div class=\"upk-fanel-meta\">\n\t\t\t\t\t\t\t\t\t\t\t\t\t\t\t\t\t<div class=\"upk-author-name-wrap\">\n\t\t\t<span class=\"upk-by\">by<\/span>\n\t\t\t<a class=\"upk-author-name\" href=\"https:\/\/destacado.com.mx\/index.php\/author\/admin\/\">\n\t\t\t\tadmin\t\t\t<\/a>\n\t\t<\/div>\n\t\t\t\t\t\t\t\t\t\t\t\t\t\t\t\t\t\t\t\t\t\t\t<div data-separator=\"\/\/\">\n\t\t\t\t\t\t\t\t\n\t\t<div class=\"upk-fanel-comments\">\n\t\t\t0\t\t\tComments\t\t<\/div>\n\n\t\t\t\t\t\t\t\t\t<\/div>\n\t\t\t\t\t\t\t\n\t\t\t\t\t\t\t\t\t\t\t\t\t<\/div>\n\t\t\t\t\t\n\t\t\t\t<\/div>\n\t\t\t\t\t\t\t\t\t<a class=\"upk-fanel-read-more\" href=\"https:\/\/destacado.com.mx\/index.php\/2026\/04\/30\/ricardo-gallardo-lleva-infraestructura-de-calidad-a-matehuala-con-nueva-etapa-vial\/\">\n\t\t\t\t\t\t<i class=\"upk-icon-arrow-right-7\" aria-hidden=\"true\"><\/i>\n\t\t\t\t\t<\/a>\n\t\t\t\t\t\t\t<\/div>\n\t\t<\/div>\n\n\t\n\t\t\t\t\n\t\t\t\t\t\t\t<div class=\"upk-item\">\n\t\t\t<div class=\"upk-item-box\">\n\t\t\t\t<div class=\"upk-image-wrap\">\n\n\t\t\t\t\t<img loading=\"lazy\" decoding=\"async\" width=\"2048\" height=\"1368\" src=\"https:\/\/destacado.com.mx\/wp-content\/uploads\/2026\/05\/Ruth-3.jpg\" class=\"upk-img\" alt=\"Ruth Gonz\u00e1lez destaca importancia de la m\u00fasica en formaci\u00f3n de ni\u00f1as y j\u00f3venes\" srcset=\"https:\/\/destacado.com.mx\/wp-content\/uploads\/2026\/05\/Ruth-3.jpg 2048w, https:\/\/destacado.com.mx\/wp-content\/uploads\/2026\/05\/Ruth-3-300x200.jpg 300w, https:\/\/destacado.com.mx\/wp-content\/uploads\/2026\/05\/Ruth-3-1024x684.jpg 1024w, https:\/\/destacado.com.mx\/wp-content\/uploads\/2026\/05\/Ruth-3-768x513.jpg 768w, https:\/\/destacado.com.mx\/wp-content\/uploads\/2026\/05\/Ruth-3-1536x1026.jpg 1536w\" sizes=\"(max-width: 2048px) 100vw, 2048px\" \/>\n\t\t\t\t\t\t\t\t\t\t\t<div class=\"upk-fanel-date-wrap\">\n\t\t\t\t\t\t\t<span class=\"upk-fanel-date\">30<\/span>\n\t\t\t\t\t\t\t<span class=\"upk-fanel-month\">Abr<\/span>\n\t\t\t\t\t\t<\/div>\n\t\t\t\t\t\n\t\t\t\t<\/div>\n\n\t\t\t\t<div class=\"upk-content upk-readmore--yes\">\n\t\t\t\t\t\t\t<div class=\"upk-category\">\n\t\t\t<a href=\"https:\/\/destacado.com.mx\/index.php\/category\/politica\/\" \n\t\t\t\t\t\t\taria-label=\"Category Pol\u00edtica\">Pol\u00edtica<\/a>\t\t<\/div>\n\t\n\t\t\t\t\t<h3 class=\"upk-title\"><a href=\"https:\/\/destacado.com.mx\/index.php\/2026\/04\/30\/ruth-gonzalez-destaca-importancia-de-la-musica-en-formacion-de-ninas-y-jovenes\/\" title=\"Ruth Gonz\u00e1lez destaca importancia de la m\u00fasica en formaci\u00f3n de ni\u00f1as y j\u00f3venes\" class=\"title-animation-underline\" aria-label=\"Ruth Gonz\u00e1lez destaca importancia de la m\u00fasica en formaci\u00f3n de ni\u00f1as y j\u00f3venes\">Ruth Gonz\u00e1lez destaca importancia de la m\u00fasica en formaci\u00f3n de ni\u00f1as y j\u00f3venes<\/a><\/h3>\n\t\t\t\t\t\t\t<div class=\"upk-text\">\n\t\t\t<p>La senadora Ruth Gonz\u00e1lez Silva particip\u00f3 en la presentaci\u00f3n de la Orquesta Sinf\u00f3nica Infantil y Juvenil de Tepeji del R\u00edo,<\/p>\n\t\t<\/div>\n\t\t\n\t\t\t\t\t\t\t\t\t\t\t<div class=\"upk-fanel-meta\">\n\t\t\t\t\t\t\t\t\t\t\t\t\t\t\t\t\t<div class=\"upk-author-name-wrap\">\n\t\t\t<span class=\"upk-by\">by<\/span>\n\t\t\t<a class=\"upk-author-name\" href=\"https:\/\/destacado.com.mx\/index.php\/author\/admin\/\">\n\t\t\t\tadmin\t\t\t<\/a>\n\t\t<\/div>\n\t\t\t\t\t\t\t\t\t\t\t\t\t\t\t\t\t\t\t\t\t\t\t<div data-separator=\"\/\/\">\n\t\t\t\t\t\t\t\t\n\t\t<div class=\"upk-fanel-comments\">\n\t\t\t0\t\t\tComments\t\t<\/div>\n\n\t\t\t\t\t\t\t\t\t<\/div>\n\t\t\t\t\t\t\t\n\t\t\t\t\t\t\t\t\t\t\t\t\t<\/div>\n\t\t\t\t\t\n\t\t\t\t<\/div>\n\t\t\t\t\t\t\t\t\t<a class=\"upk-fanel-read-more\" href=\"https:\/\/destacado.com.mx\/index.php\/2026\/04\/30\/ruth-gonzalez-destaca-importancia-de-la-musica-en-formacion-de-ninas-y-jovenes\/\">\n\t\t\t\t\t\t<i class=\"upk-icon-arrow-right-7\" aria-hidden=\"true\"><\/i>\n\t\t\t\t\t<\/a>\n\t\t\t\t\t\t\t<\/div>\n\t\t<\/div>\n\n\t\n\t\t\t\t\n\t\t\t\t\t\t\t<div class=\"upk-item\">\n\t\t\t<div class=\"upk-item-box\">\n\t\t\t\t<div class=\"upk-image-wrap\">\n\n\t\t\t\t\t<img loading=\"lazy\" decoding=\"async\" width=\"1448\" height=\"1086\" src=\"https:\/\/destacado.com.mx\/wp-content\/uploads\/2026\/04\/Galindo-3-1.png\" class=\"upk-img\" alt=\"Enrique Galindo bajo presi\u00f3n por inconformidad social y falta de servicios b\u00e1sicos\" srcset=\"https:\/\/destacado.com.mx\/wp-content\/uploads\/2026\/04\/Galindo-3-1.png 1448w, https:\/\/destacado.com.mx\/wp-content\/uploads\/2026\/04\/Galindo-3-1-300x225.png 300w, https:\/\/destacado.com.mx\/wp-content\/uploads\/2026\/04\/Galindo-3-1-1024x768.png 1024w, https:\/\/destacado.com.mx\/wp-content\/uploads\/2026\/04\/Galindo-3-1-768x576.png 768w\" sizes=\"(max-width: 1448px) 100vw, 1448px\" \/>\n\t\t\t\t\t\t\t\t\t\t\t<div class=\"upk-fanel-date-wrap\">\n\t\t\t\t\t\t\t<span class=\"upk-fanel-date\">28<\/span>\n\t\t\t\t\t\t\t<span class=\"upk-fanel-month\">Abr<\/span>\n\t\t\t\t\t\t<\/div>\n\t\t\t\t\t\n\t\t\t\t<\/div>\n\n\t\t\t\t<div class=\"upk-content upk-readmore--yes\">\n\t\t\t\t\t\t\t<div class=\"upk-category\">\n\t\t\t<a href=\"https:\/\/destacado.com.mx\/index.php\/category\/politica\/\" \n\t\t\t\t\t\t\taria-label=\"Category Pol\u00edtica\">Pol\u00edtica<\/a>\t\t<\/div>\n\t\n\t\t\t\t\t<h3 class=\"upk-title\"><a href=\"https:\/\/destacado.com.mx\/index.php\/2026\/04\/28\/enrique-galindo-bajo-presion-por-inconformidad-social-y-falta-de-servicios-basicos\/\" title=\"Enrique Galindo bajo presi\u00f3n por inconformidad social y falta de servicios b\u00e1sicos\" class=\"title-animation-underline\" aria-label=\"Enrique Galindo bajo presi\u00f3n por inconformidad social y falta de servicios b\u00e1sicos\">Enrique Galindo bajo presi\u00f3n por inconformidad social y falta de servicios b\u00e1sicos<\/a><\/h3>\n\t\t\t\t\t\t\t<div class=\"upk-text\">\n\t\t\t<p>Las protestas registradas en la capital potosina evidencian un clima de inconformidad hacia la administraci\u00f3n municipal encabezada por Enrique Galindo<\/p>\n\t\t<\/div>\n\t\t\n\t\t\t\t\t\t\t\t\t\t\t<div class=\"upk-fanel-meta\">\n\t\t\t\t\t\t\t\t\t\t\t\t\t\t\t\t\t<div class=\"upk-author-name-wrap\">\n\t\t\t<span class=\"upk-by\">by<\/span>\n\t\t\t<a class=\"upk-author-name\" href=\"https:\/\/destacado.com.mx\/index.php\/author\/admin\/\">\n\t\t\t\tadmin\t\t\t<\/a>\n\t\t<\/div>\n\t\t\t\t\t\t\t\t\t\t\t\t\t\t\t\t\t\t\t\t\t\t\t<div data-separator=\"\/\/\">\n\t\t\t\t\t\t\t\t\n\t\t<div class=\"upk-fanel-comments\">\n\t\t\t0\t\t\tComments\t\t<\/div>\n\n\t\t\t\t\t\t\t\t\t<\/div>\n\t\t\t\t\t\t\t\n\t\t\t\t\t\t\t\t\t\t\t\t\t<\/div>\n\t\t\t\t\t\n\t\t\t\t<\/div>\n\t\t\t\t\t\t\t\t\t<a class=\"upk-fanel-read-more\" href=\"https:\/\/destacado.com.mx\/index.php\/2026\/04\/28\/enrique-galindo-bajo-presion-por-inconformidad-social-y-falta-de-servicios-basicos\/\">\n\t\t\t\t\t\t<i class=\"upk-icon-arrow-right-7\" aria-hidden=\"true\"><\/i>\n\t\t\t\t\t<\/a>\n\t\t\t\t\t\t\t<\/div>\n\t\t<\/div>\n\n\t\n\t\t\t\t\t\t\t<\/div>\n\t\t<\/div>\n\n\t\t\n\t\t\t\t\t\t<\/div>\n\t\t\t\t<div class=\"elementor-element elementor-element-3f5e0ba elementor-align-center elementor-widget elementor-widget-button\" data-id=\"3f5e0ba\" data-element_type=\"widget\" data-e-type=\"widget\" data-widget_type=\"button.default\">\n\t\t\t\t\t\t\t\t\t\t<a class=\"elementor-button elementor-button-link elementor-size-sm\" href=\"#\">\n\t\t\t\t\t\t<span class=\"elementor-button-content-wrapper\">\n\t\t\t\t\t\t\t\t\t<span class=\"elementor-button-text\">See More<\/span>\n\t\t\t\t\t<\/span>\n\t\t\t\t\t<\/a>\n\t\t\t\t\t\t\t\t<\/div>\n\t\t\t\t<\/div>\n\t\t\t\t<\/div>\n\t\t<div class=\"elementor-element elementor-element-5cb957d e-con-full e-flex e-con e-child\" data-id=\"5cb957d\" data-element_type=\"container\" data-e-type=\"container\">\n\t\t<div class=\"elementor-element elementor-element-318b75d e-con-full e-flex e-con e-child\" data-id=\"318b75d\" data-element_type=\"container\" data-e-type=\"container\" data-settings=\"{&quot;background_background&quot;:&quot;classic&quot;}\">\n\t\t\t\t<div class=\"elementor-element elementor-element-9144630 elementor-widget elementor-widget-heading\" data-id=\"9144630\" data-element_type=\"widget\" data-e-type=\"widget\" data-widget_type=\"heading.default\">\n\t\t\t\t\t<h2 class=\"elementor-heading-title elementor-size-default\">Anuncios<\/h2>\t\t\t\t<\/div>\n\t\t\t\t<div class=\"elementor-element elementor-element-6653724 elementor-widget-divider--view-line elementor-widget elementor-widget-divider\" data-id=\"6653724\" data-element_type=\"widget\" data-e-type=\"widget\" data-widget_type=\"divider.default\">\n\t\t\t\t\t\t\t<div class=\"elementor-divider\">\n\t\t\t<span class=\"elementor-divider-separator\">\n\t\t\t\t\t\t<\/span>\n\t\t<\/div>\n\t\t\t\t\t\t<\/div>\n\t\t\t\t<\/div>\n\t\t<div class=\"elementor-element elementor-element-5467116 e-con-full e-flex e-con e-child\" data-id=\"5467116\" data-element_type=\"container\" data-e-type=\"container\" data-settings=\"{&quot;background_background&quot;:&quot;classic&quot;}\">\n\t\t\t\t<div class=\"elementor-element elementor-element-3ff52ef elementor-widget elementor-widget-image\" data-id=\"3ff52ef\" data-element_type=\"widget\" data-e-type=\"widget\" data-widget_type=\"image.default\">\n\t\t\t\t\t\t\t\t\t\t\t\t\t\t\t<img loading=\"lazy\" decoding=\"async\" width=\"700\" height=\"908\" src=\"https:\/\/destacado.com.mx\/wp-content\/uploads\/2026\/03\/mascot.jpg\" class=\"attachment-full size-full wp-image-83\" alt=\"\" srcset=\"https:\/\/destacado.com.mx\/wp-content\/uploads\/2026\/03\/mascot.jpg 700w, https:\/\/destacado.com.mx\/wp-content\/uploads\/2026\/03\/mascot-231x300.jpg 231w\" sizes=\"(max-width: 700px) 100vw, 700px\" \/>\t\t\t\t\t\t\t\t\t\t\t\t\t\t\t<\/div>\n\t\t\t\t<\/div>\n\t\t\t\t<\/div>\n\t\t\t\t\t<\/div>\n\t\t\t\t<\/div>\n\t\t\t\t<\/div>\n\t\t","protected":false},"excerpt":{"rendered":"<p>En tendencia 03 \/ 06 : 2:06 pm : Team Beta Put More Effort In Game 03 \/ 06 : 2:06 pm : Team Beta Got Better At Hockey 03 \/ 06 : 2:06 pm : Playing Golf In The London Empire 03 \/ 06 : 2:06 pm : Marshal Kenny Is The New Dribble [&hellip;]<\/p>\n","protected":false},"author":2,"featured_media":0,"parent":0,"menu_order":0,"comment_status":"closed","ping_status":"closed","template":"elementor_canvas","meta":{"footnotes":""},"class_list":["post-16","page","type-page","status-publish","hentry"],"_links":{"self":[{"href":"https:\/\/destacado.com.mx\/index.php\/wp-json\/wp\/v2\/pages\/16","targetHints":{"allow":["GET"]}}],"collection":[{"href":"https:\/\/destacado.com.mx\/index.php\/wp-json\/wp\/v2\/pages"}],"about":[{"href":"https:\/\/destacado.com.mx\/index.php\/wp-json\/wp\/v2\/types\/page"}],"author":[{"embeddable":true,"href":"https:\/\/destacado.com.mx\/index.php\/wp-json\/wp\/v2\/users\/2"}],"replies":[{"embeddable":true,"href":"https:\/\/destacado.com.mx\/index.php\/wp-json\/wp\/v2\/comments?post=16"}],"version-history":[{"count":26,"href":"https:\/\/destacado.com.mx\/index.php\/wp-json\/wp\/v2\/pages\/16\/revisions"}],"predecessor-version":[{"id":129,"href":"https:\/\/destacado.com.mx\/index.php\/wp-json\/wp\/v2\/pages\/16\/revisions\/129"}],"wp:attachment":[{"href":"https:\/\/destacado.com.mx\/index.php\/wp-json\/wp\/v2\/media?parent=16"}],"curies":[{"name":"wp","href":"https:\/\/api.w.org\/{rel}","templated":true}]}}